{"id":1116,"date":"2025-06-24T16:29:53","date_gmt":"2025-06-24T14:29:53","guid":{"rendered":"http:\/\/arc-antibes.fr\/?page_id=1116"},"modified":"2026-04-20T10:25:00","modified_gmt":"2026-04-20T08:25:00","slug":"actualites-2","status":"publish","type":"page","link":"http:\/\/arc-antibes.fr\/?page_id=1116","title":{"rendered":"Les actualit\u00e9s"},"content":{"rendered":"\n<div style=\"height:50px\" aria-hidden=\"true\" class=\"wp-block-spacer\"><\/div>\n\n\n\n<h2 class=\"wp-block-heading\" id=\"une\"><strong><mark style=\"background-color:rgba(0, 0, 0, 0)\" class=\"has-inline-color has-blue-color\">L&rsquo;actualit\u00e9 du moment<\/mark><\/strong><\/h2>\n\n\n\n<h3 class=\"wp-block-heading\"><strong>Les Antibois en TRJ-DRJ-DRE<\/strong><\/h3>\n\n\n<div class=\"wp-block-image\">\n<figure class=\"aligncenter size-large is-resized\"><img loading=\"lazy\" decoding=\"async\" width=\"939\" height=\"1024\" src=\"http:\/\/arc-antibes.fr\/wp-content\/uploads\/2026\/04\/DRE_19.04.6-939x1024.jpeg\" alt=\"\" class=\"wp-image-3569\" style=\"aspect-ratio:0.9170034858108252;width:367px;height:auto\" srcset=\"http:\/\/arc-antibes.fr\/wp-content\/uploads\/2026\/04\/DRE_19.04.6-939x1024.jpeg 939w, http:\/\/arc-antibes.fr\/wp-content\/uploads\/2026\/04\/DRE_19.04.6-275x300.jpeg 275w, http:\/\/arc-antibes.fr\/wp-content\/uploads\/2026\/04\/DRE_19.04.6-768x838.jpeg 768w, http:\/\/arc-antibes.fr\/wp-content\/uploads\/2026\/04\/DRE_19.04.6.jpeg 1200w\" sizes=\"auto, (max-width: 939px) 100vw, 939px\" \/><\/figure>\n<\/div>\n\n\n<p>Le mois d\u2019avril signe le retour de l\u2019engagement des \u00e9quipes de la Compagnie d\u2019Arc sur les pas de tir r\u00e9gionaux lors des TRJ-DRJ (Tournoi R\u00e9gional Jeunes \u2013 Division R\u00e9gionale Jeunes) et de la DRE (Division R\u00e9gionale Excellence). La premi\u00e8re manche des&#8230; <a href=\"http:\/\/arc-antibes.fr\/?p=3566\">Lire la suite<\/a><\/p>\n\n\n\n<div style=\"height:50px\" aria-hidden=\"true\" class=\"wp-block-spacer\"><\/div>\n\n\n\n<hr class=\"wp-block-separator has-alpha-channel-opacity\"\/>\n\n\n\n<h2 class=\"wp-block-heading\"><strong><mark style=\"background-color:rgba(0, 0, 0, 0)\" class=\"has-inline-color has-blue-color\">Les derniers articles<\/mark><\/strong><\/h2>\n\n\n<ul class=\"wp-block-latest-posts__list wp-block-latest-posts\"><li><a class=\"wp-block-latest-posts__post-title\" href=\"http:\/\/arc-antibes.fr\/?p=3566\">Les Antibois en TRJ-DRJ-DRE 2026<\/a><\/li>\n<li><a class=\"wp-block-latest-posts__post-title\" href=\"http:\/\/arc-antibes.fr\/?p=3530\">Premier TAE de la saison<\/a><\/li>\n<li><a class=\"wp-block-latest-posts__post-title\" href=\"http:\/\/arc-antibes.fr\/?p=3404\">Saint S\u00e9bastien 2026<\/a><\/li>\n<li><a class=\"wp-block-latest-posts__post-title\" href=\"http:\/\/arc-antibes.fr\/?p=3412\">Tournoi international de N\u00eemes 2026<\/a><\/li>\n<li><a class=\"wp-block-latest-posts__post-title\" href=\"http:\/\/arc-antibes.fr\/?p=2717\">Challenge Mich\u00e8le &amp; Andr\u00e9 Lesage 2026<\/a><\/li>\n<\/ul>\n\n\n<div style=\"height:50px\" aria-hidden=\"true\" class=\"wp-block-spacer\"><\/div>\n\n\n\n<hr class=\"wp-block-separator has-alpha-channel-opacity\"\/>\n\n\n\n<h2 class=\"wp-block-heading\"><strong><mark style=\"background-color:rgba(0, 0, 0, 0)\" class=\"has-inline-color has-blue-color\">Les archives<\/mark><\/strong><\/h2>\n\n\n\n<p>Retrouvez \u00e9galement l&rsquo;ensemble des articles qui font ou ont fait l&rsquo;actualit\u00e9 de la Compagnie sur le lien ci-dessous !<\/p>\n\n\n\n<figure class=\"wp-block-image size-large is-resized\"><a href=\"http:\/\/arc-antibes.fr\/?page_id=2519\"><img loading=\"lazy\" decoding=\"async\" width=\"1024\" height=\"1024\" src=\"http:\/\/arc-antibes.fr\/wp-content\/uploads\/2025\/12\/Tous_Les_Articles-3-1024x1024.jpg\" alt=\"\" class=\"wp-image-2892\" style=\"width:154px\" srcset=\"http:\/\/arc-antibes.fr\/wp-content\/uploads\/2025\/12\/Tous_Les_Articles-3-1024x1024.jpg 1024w, http:\/\/arc-antibes.fr\/wp-content\/uploads\/2025\/12\/Tous_Les_Articles-3-300x300.jpg 300w, http:\/\/arc-antibes.fr\/wp-content\/uploads\/2025\/12\/Tous_Les_Articles-3-150x150.jpg 150w, http:\/\/arc-antibes.fr\/wp-content\/uploads\/2025\/12\/Tous_Les_Articles-3-768x768.jpg 768w, http:\/\/arc-antibes.fr\/wp-content\/uploads\/2025\/12\/Tous_Les_Articles-3-1536x1536.jpg 1536w, http:\/\/arc-antibes.fr\/wp-content\/uploads\/2025\/12\/Tous_Les_Articles-3.jpg 1777w\" sizes=\"auto, (max-width: 1024px) 100vw, 1024px\" \/><\/a><\/figure>\n\n\n\n<div style=\"height:100px\" aria-hidden=\"true\" class=\"wp-block-spacer\"><\/div>\n\n\n\n<p>\u00a9 2026 Compagnie d&rsquo;Arc d&rsquo;Antibes<\/p>\n","protected":false},"excerpt":{"rendered":"<p>L&rsquo;actualit\u00e9 du moment Les Antibois en TRJ-DRJ-DRE Le mois d\u2019avril signe le retour de l\u2019engagement des \u00e9quipes de la Compagnie d\u2019Arc sur les pas de tir r\u00e9gionaux lors des TRJ-DRJ (Tournoi R\u00e9gional Jeunes \u2013 Division R\u00e9gionale Jeunes) et de la &hellip; <a href=\"http:\/\/arc-antibes.fr\/?page_id=1116\">Continuer la lecture <span class=\"meta-nav\">&rarr;<\/span><\/a><\/p>\n","protected":false},"author":1,"featured_media":119,"parent":0,"menu_order":0,"comment_status":"closed","ping_status":"closed","template":"","meta":{"ngg_post_thumbnail":0,"footnotes":""},"class_list":["post-1116","page","type-page","status-publish","has-post-thumbnail","hentry"],"_links":{"self":[{"href":"http:\/\/arc-antibes.fr\/index.php?rest_route=\/wp\/v2\/pages\/1116","targetHints":{"allow":["GET"]}}],"collection":[{"href":"http:\/\/arc-antibes.fr\/index.php?rest_route=\/wp\/v2\/pages"}],"about":[{"href":"http:\/\/arc-antibes.fr\/index.php?rest_route=\/wp\/v2\/types\/page"}],"author":[{"embeddable":true,"href":"http:\/\/arc-antibes.fr\/index.php?rest_route=\/wp\/v2\/users\/1"}],"replies":[{"embeddable":true,"href":"http:\/\/arc-antibes.fr\/index.php?rest_route=%2Fwp%2Fv2%2Fcomments&post=1116"}],"version-history":[{"count":81,"href":"http:\/\/arc-antibes.fr\/index.php?rest_route=\/wp\/v2\/pages\/1116\/revisions"}],"predecessor-version":[{"id":3584,"href":"http:\/\/arc-antibes.fr\/index.php?rest_route=\/wp\/v2\/pages\/1116\/revisions\/3584"}],"wp:featuredmedia":[{"embeddable":true,"href":"http:\/\/arc-antibes.fr\/index.php?rest_route=\/wp\/v2\/media\/119"}],"wp:attachment":[{"href":"http:\/\/arc-antibes.fr\/index.php?rest_route=%2Fwp%2Fv2%2Fmedia&parent=1116"}],"curies":[{"name":"wp","href":"https:\/\/api.w.org\/{rel}","templated":true}]}}