{"id":1445,"date":"2025-07-08T11:55:32","date_gmt":"2025-07-08T09:55:32","guid":{"rendered":"http:\/\/arc-antibes.fr\/?page_id=1445"},"modified":"2026-04-22T22:50:17","modified_gmt":"2026-04-22T20:50:17","slug":"histoire","status":"publish","type":"page","link":"http:\/\/arc-antibes.fr\/?page_id=1445","title":{"rendered":"Histoire de la Compagnie"},"content":{"rendered":"\n<div style=\"height:50px\" aria-hidden=\"true\" class=\"wp-block-spacer\"><\/div>\n\n\n\n<h2 class=\"wp-block-heading\"><strong><mark style=\"background-color:rgba(0, 0, 0, 0)\" class=\"has-inline-color has-blue-color\">Les sp\u00e9cificit\u00e9s<\/mark><\/strong> <strong><mark style=\"background-color:rgba(0, 0, 0, 0)\" class=\"has-inline-color has-blue-color\">d&rsquo;une Compagnie d&rsquo;arc<\/mark><\/strong><\/h2>\n\n\n\n<p>Une Compagnie n&rsquo;est pas qu&rsquo;un simple Club : elle est issue d&rsquo;une tradition ancienne.<\/p>\n\n\n\n<p>A l&rsquo;origine, les Compagnies d&rsquo;arc sont des organisations militaires m\u00e9di\u00e9vales, r\u00e9gies par des r\u00e8gles chevaleresques. Elles sont constitu\u00e9es d&rsquo;archers et des cranequiniers (tireurs \u00e0 l&rsquo;arbal\u00e8te). Mais l&rsquo;arc et l&rsquo;arbal\u00e8te vont dispara\u00eetre des champs de bataille, avec l&rsquo;arriv\u00e9e des armes \u00e0 feu au d\u00e9but de la Renaissance (XV<sup>e<\/sup> si\u00e8cle).<\/p>\n\n\n\n<p>Les Compagnies vont n\u00e9anmoins subsister et poursuivre leurs entra\u00eenements, et se tourner vers le divertissement. Elles conservent des r\u00e8gles, qui codifient la pratique du tir \u00e0 l&rsquo;arc. C&rsquo;est ainsi que certains moments jalonnent la vie des Compagnies :<\/p>\n\n\n\n<ul class=\"wp-block-list\">\n<li>Le Tir de la Saint-S\u00e9bastien.<\/li>\n\n\n\n<li>Le Tir du Roy.<\/li>\n\n\n\n<li>Le Tir \u00e0 l&rsquo;oiseau.<\/li>\n<\/ul>\n\n\n\n<p>La Compagnie d&rsquo;Arc d&rsquo;Antibes r\u00e9pond \u00e0 ses crit\u00e8res.<\/p>\n\n\n\n<figure class=\"wp-block-image size-large is-resized\"><img loading=\"lazy\" decoding=\"async\" width=\"1024\" height=\"512\" src=\"http:\/\/arc-antibes.fr\/wp-content\/uploads\/2025\/07\/00-1024x512.jpg\" alt=\"\" class=\"wp-image-1560\" style=\"width:388px;height:auto\" srcset=\"http:\/\/arc-antibes.fr\/wp-content\/uploads\/2025\/07\/00-1024x512.jpg 1024w, http:\/\/arc-antibes.fr\/wp-content\/uploads\/2025\/07\/00-300x150.jpg 300w, http:\/\/arc-antibes.fr\/wp-content\/uploads\/2025\/07\/00-768x384.jpg 768w, http:\/\/arc-antibes.fr\/wp-content\/uploads\/2025\/07\/00-1536x768.jpg 1536w, http:\/\/arc-antibes.fr\/wp-content\/uploads\/2025\/07\/00-2048x1024.jpg 2048w\" sizes=\"auto, (max-width: 1024px) 100vw, 1024px\" \/><\/figure>\n\n\n\n<div style=\"height:50px\" aria-hidden=\"true\" class=\"wp-block-spacer\"><\/div>\n\n\n\n<hr class=\"wp-block-separator has-alpha-channel-opacity\"\/>\n\n\n\n<h2 class=\"wp-block-heading\"><strong><mark style=\"background-color:rgba(0, 0, 0, 0)\" class=\"has-inline-color has-blue-color\">La Compagnie en quelques dates<\/mark><\/strong><\/h2>\n\n\n\n<h3 class=\"wp-block-heading\"><strong>Janvier 1957<\/strong><\/h3>\n\n\n\n<p>Cr\u00e9ation de la <em>Compagnie des archers cranequiniers de Provence<\/em>, par Pierre PLAIGE, Chef de bataillon du Cercle militaire d\u2019Antibes. <\/p>\n\n\n\n<p>Maurice DENAPE est Pr\u00e9sident d\u2019honneur de la <em>Ronde de tir \u00e0 l\u2019arc de la M\u00e9diterran\u00e9e<\/em>, qui s&rsquo;\u00e9tire de Menton \u00e0 Carcassonne.<\/p>\n\n\n\n<h3 class=\"wp-block-heading\"><strong>Mars 1958<\/strong><\/h3>\n\n\n\n<p>La <em>Compagnie des archers cranequiniers de Provence<\/em> devient la <em>Compagnie d\u2019Arc d\u2019Antibes-Juans-les-Pins<\/em>, sous l&rsquo;impulsion de Pierre PLAIGE et Maurice DENAPE.<\/p>\n\n\n\n<div class=\"wp-block-columns is-not-stacked-on-mobile is-layout-flex wp-container-core-columns-is-layout-9d6595d7 wp-block-columns-is-layout-flex\">\n<div class=\"wp-block-column is-layout-flow wp-block-column-is-layout-flow\" style=\"flex-basis:66.66%\">\n<h3 class=\"wp-block-heading\"><strong>F\u00e9vrier 1962<\/strong><\/h3>\n\n\n\n<p>Cr\u00e9ation du challenge Maurice DENAPE. <\/p>\n\n\n\n<h3 class=\"wp-block-heading\"><strong>Juin 1963<\/strong><\/h3>\n\n\n\n<p>1<sup>er<\/sup> tournoi international de tir \u00e0 l\u2019arc FITA <em>Challenge DENAPE<\/em> \u00e0 Antibes, au stade du Fort-Carr\u00e9.<\/p>\n\n\n\n<p>A cette occasion, un bronze d&rsquo;Alphonse GREBEL est remis \u00e0 l&rsquo;\u00e9quipe victorieuse.<\/p>\n<\/div>\n\n\n\n<div class=\"wp-block-column is-layout-flow wp-block-column-is-layout-flow\" style=\"flex-basis:33.33%\">\n<figure class=\"wp-block-image size-large is-resized\"><img loading=\"lazy\" decoding=\"async\" width=\"661\" height=\"1024\" src=\"http:\/\/arc-antibes.fr\/wp-content\/uploads\/2025\/07\/03.-Challenge-Denape-1-661x1024.jpg\" alt=\"\" class=\"wp-image-1472\" style=\"width:203px;height:auto\" srcset=\"http:\/\/arc-antibes.fr\/wp-content\/uploads\/2025\/07\/03.-Challenge-Denape-1-661x1024.jpg 661w, http:\/\/arc-antibes.fr\/wp-content\/uploads\/2025\/07\/03.-Challenge-Denape-1-194x300.jpg 194w, http:\/\/arc-antibes.fr\/wp-content\/uploads\/2025\/07\/03.-Challenge-Denape-1-768x1190.jpg 768w, http:\/\/arc-antibes.fr\/wp-content\/uploads\/2025\/07\/03.-Challenge-Denape-1.jpg 835w\" sizes=\"auto, (max-width: 661px) 100vw, 661px\" \/><\/figure>\n<\/div>\n<\/div>\n\n\n\n<h3 class=\"wp-block-heading\"><strong>Mars 1974<\/strong><\/h3>\n\n\n\n<p>Mich\u00e8le LESAGE devient vice-championne de France de tir en salle. <\/p>\n\n\n\n<div class=\"wp-block-columns is-layout-flex wp-container-core-columns-is-layout-9d6595d7 wp-block-columns-is-layout-flex\">\n<div class=\"wp-block-column is-layout-flow wp-block-column-is-layout-flow\">\n<h3 class=\"wp-block-heading\"><strong>Septembre 1974<\/strong>&nbsp;<\/h3>\n\n\n\n<p>Inauguration du nouveau <em>club-house<\/em> du stand de tir \u00e0 l&rsquo;arc des Cro\u00fbtons, \u00e0 Antibes.<\/p>\n\n\n\n<h3 class=\"wp-block-heading\"><strong>F\u00e9vrier 1977<\/strong><\/h3>\n\n\n\n<p>Marguerite MAUR est vice-championne de France de tir en salle.<\/p>\n<\/div>\n\n\n\n<div class=\"wp-block-column is-layout-flow wp-block-column-is-layout-flow\">\n<figure class=\"wp-block-image size-full\"><img loading=\"lazy\" decoding=\"async\" width=\"1024\" height=\"682\" src=\"http:\/\/arc-antibes.fr\/wp-content\/uploads\/2025\/11\/1000024002.jpg\" alt=\"\" class=\"wp-image-2424\" srcset=\"http:\/\/arc-antibes.fr\/wp-content\/uploads\/2025\/11\/1000024002.jpg 1024w, http:\/\/arc-antibes.fr\/wp-content\/uploads\/2025\/11\/1000024002-300x200.jpg 300w, http:\/\/arc-antibes.fr\/wp-content\/uploads\/2025\/11\/1000024002-768x512.jpg 768w\" sizes=\"auto, (max-width: 1024px) 100vw, 1024px\" \/><\/figure>\n<\/div>\n<\/div>\n\n\n\n<h3 class=\"wp-block-heading\"><strong>Octobre 1978<\/strong><\/h3>\n\n\n\n<p>Mich\u00e8le LESAGE devient pr\u00e9sidente de la Compagnie d\u2019Antibes.<\/p>\n\n\n\n<h3 class=\"wp-block-heading\"><strong>Septembre 1999<\/strong><\/h3>\n\n\n\n<p>Cr\u00e9ation de l&rsquo;Ecole de tir \u00e0 l&rsquo;arc.<\/p>\n\n\n\n<div class=\"wp-block-columns is-layout-flex wp-container-core-columns-is-layout-9d6595d7 wp-block-columns-is-layout-flex\">\n<div class=\"wp-block-column is-layout-flow wp-block-column-is-layout-flow\">\n<h3 class=\"wp-block-heading\"><strong>Octobre 2000<\/strong><\/h3>\n\n\n\n<p>Micheline ORY devient Pr\u00e9sidente de la Compagnie d&rsquo;Arc d&rsquo;Antibes.<\/p>\n\n\n\n<h3 class=\"wp-block-heading\"><strong>Septembre 2009<\/strong><\/h3>\n\n\n\n<p>L&rsquo;\u00e9quipe femme termine 8<sup>e<\/sup> du Championnat de France DRE (Division r\u00e9gionale excellence)<\/p>\n<\/div>\n\n\n\n<div class=\"wp-block-column is-layout-flow wp-block-column-is-layout-flow\">\n<figure class=\"wp-block-image size-full\"><img loading=\"lazy\" decoding=\"async\" width=\"762\" height=\"652\" src=\"http:\/\/arc-antibes.fr\/wp-content\/uploads\/2025\/11\/1000024846-Copie.jpg\" alt=\"\" class=\"wp-image-1958\" srcset=\"http:\/\/arc-antibes.fr\/wp-content\/uploads\/2025\/11\/1000024846-Copie.jpg 762w, http:\/\/arc-antibes.fr\/wp-content\/uploads\/2025\/11\/1000024846-Copie-300x257.jpg 300w\" sizes=\"auto, (max-width: 762px) 100vw, 762px\" \/><\/figure>\n<\/div>\n<\/div>\n\n\n\n<h3 class=\"wp-block-heading\"><strong>Janvier<\/strong> <strong>2011<\/strong><\/h3>\n\n\n\n<p>Installation de la Compagnie sur son nouveau terrain, rue des Cistes.<\/p>\n\n\n\n<div class=\"wp-block-columns is-layout-flex wp-container-core-columns-is-layout-9d6595d7 wp-block-columns-is-layout-flex\">\n<div class=\"wp-block-column is-layout-flow wp-block-column-is-layout-flow\">\n<h3 class=\"wp-block-heading\"><strong>Juillet 2014<\/strong><\/h3>\n\n\n\n<p>L&rsquo;\u00e9quipe homme est finaliste de la DNAP (Division nationale d&rsquo;arc \u00e0 poulies \/ D1)<\/p>\n<\/div>\n\n\n\n<div class=\"wp-block-column is-layout-flow wp-block-column-is-layout-flow\">\n<figure class=\"wp-block-image size-large\"><img loading=\"lazy\" decoding=\"async\" width=\"1024\" height=\"686\" src=\"http:\/\/arc-antibes.fr\/wp-content\/uploads\/2025\/07\/\u00b5.-Finale-DNAP-1024x686.jpg\" alt=\"\" class=\"wp-image-1534\" srcset=\"http:\/\/arc-antibes.fr\/wp-content\/uploads\/2025\/07\/\u00b5.-Finale-DNAP-1024x686.jpg 1024w, http:\/\/arc-antibes.fr\/wp-content\/uploads\/2025\/07\/\u00b5.-Finale-DNAP-300x201.jpg 300w, http:\/\/arc-antibes.fr\/wp-content\/uploads\/2025\/07\/\u00b5.-Finale-DNAP-768x515.jpg 768w, http:\/\/arc-antibes.fr\/wp-content\/uploads\/2025\/07\/\u00b5.-Finale-DNAP.jpg 1227w\" sizes=\"auto, (max-width: 1024px) 100vw, 1024px\" \/><\/figure>\n<\/div>\n<\/div>\n\n\n\n<h3 class=\"wp-block-heading\"><strong>Avril 2023<\/strong><\/h3>\n\n\n\n<p>Jean-Olivier LESAGE devient Pr\u00e9sident de la Compagnie d&rsquo;Arc d&rsquo;Antibes.<\/p>\n\n\n\n<div class=\"wp-block-columns is-layout-flex wp-container-core-columns-is-layout-9d6595d7 wp-block-columns-is-layout-flex\">\n<div class=\"wp-block-column is-layout-flow wp-block-column-is-layout-flow\">\n<h3 class=\"wp-block-heading\"><strong>Juillet 2023<\/strong><\/h3>\n\n\n\n<p>L&rsquo;\u00e9quipe Jeunes U13-U15 termine 7<sup>e<\/sup> du Championnat de France<\/p>\n\n\n\n<p>Jean-Louis PERROUX est vice-champion de France arc \u00e0 poulies<\/p>\n<\/div>\n\n\n\n<div class=\"wp-block-column is-layout-flow wp-block-column-is-layout-flow\">\n<figure class=\"wp-block-image size-full\"><img loading=\"lazy\" decoding=\"async\" width=\"1093\" height=\"846\" src=\"http:\/\/arc-antibes.fr\/wp-content\/uploads\/2025\/11\/Riom-2023.jpg\" alt=\"\" class=\"wp-image-2414\" srcset=\"http:\/\/arc-antibes.fr\/wp-content\/uploads\/2025\/11\/Riom-2023.jpg 1093w, http:\/\/arc-antibes.fr\/wp-content\/uploads\/2025\/11\/Riom-2023-300x232.jpg 300w, http:\/\/arc-antibes.fr\/wp-content\/uploads\/2025\/11\/Riom-2023-1024x793.jpg 1024w, http:\/\/arc-antibes.fr\/wp-content\/uploads\/2025\/11\/Riom-2023-768x594.jpg 768w\" sizes=\"auto, (max-width: 1093px) 100vw, 1093px\" \/><\/figure>\n<\/div>\n<\/div>\n\n\n\n<h3 class=\"wp-block-heading\"><strong>D\u00e9cembre 2024<\/strong><\/h3>\n\n\n\n<p>Premier <em>Challenge Mich\u00e8le et Andr\u00e9 LESAGE<\/em> pour le concours salle.<\/p>\n\n\n\n<div style=\"height:50px\" aria-hidden=\"true\" class=\"wp-block-spacer\"><\/div>\n\n\n\n<hr class=\"wp-block-separator has-alpha-channel-opacity\"\/>\n\n\n\n<h2 class=\"wp-block-heading\"><strong><mark style=\"background-color:rgba(0, 0, 0, 0)\" class=\"has-inline-color has-blue-color\">Ils ont \u00e9crit l&rsquo;histoire de la Compagnie<\/mark><\/strong><\/h2>\n\n\n\n<p>Parus dans la presse&#8230;<\/p>\n\n\n\n<div class=\"wp-block-media-text is-stacked-on-mobile\" style=\"grid-template-columns:22% auto\"><figure class=\"wp-block-media-text__media\"><img loading=\"lazy\" decoding=\"async\" width=\"314\" height=\"1024\" src=\"http:\/\/arc-antibes.fr\/wp-content\/uploads\/2025\/07\/01.-Michele-Lesage-Championne-dEspagne-3-314x1024.jpg\" alt=\"\" class=\"wp-image-1473 size-full\" srcset=\"http:\/\/arc-antibes.fr\/wp-content\/uploads\/2025\/07\/01.-Michele-Lesage-Championne-dEspagne-3-314x1024.jpg 314w, http:\/\/arc-antibes.fr\/wp-content\/uploads\/2025\/07\/01.-Michele-Lesage-Championne-dEspagne-3-92x300.jpg 92w, http:\/\/arc-antibes.fr\/wp-content\/uploads\/2025\/07\/01.-Michele-Lesage-Championne-dEspagne-3.jpg 332w\" sizes=\"auto, (max-width: 314px) 100vw, 314px\" \/><\/figure><div class=\"wp-block-media-text__content\">\n<h3 class=\"wp-block-heading\"><strong>Mich\u00e8le Lesage championne d&rsquo;Espagne de tir \u00e0 l&rsquo;arc (<em>Nice Matin<\/em><\/strong>, <strong>novembre 1971)<\/strong><\/h3>\n\n\n\n<p>D\u00e9j\u00e0 connue en France pour ces nombreuses victoires, Mich\u00e8le Lesage est partie \u00e0 la conqu\u00eate des comp\u00e9titions internationales et apr\u00e8s Milan et les records qu\u2019elle r\u00e9alisa, la championne ni\u00e7oise vient d\u2019enlever le championnat d\u2019Espagne qui s\u2019est disput\u00e9 dimanche dernier \u00e0 Barcelone.<\/p>\n\n\n\n<p>Bien que le mauvais temps n\u2019ait pas permis de r\u00e9aliser des scores \u00e9lev\u00e9s, la victoire de la Ni\u00e7oise avec 1.051 points ne manqua pas de frapper les Espagnols qui ne s\u2019attendaient pas \u00e0 la d\u00e9faite de leur favorite Villonga (860 points).<\/p>\n\n\n\n<p>Pour sa part, Andr\u00e9 Lesage se classe deuxi\u00e8me de sa cat\u00e9gorie avec 1.026 points derri\u00e8re Dona, de Toulouse (1.054 points). A l\u2019issue de la c\u00e9r\u00e9monie de cl\u00f4ture, nos brillants repr\u00e9sentants offrirent aux autorit\u00e9s un fanion du Comit\u00e9 de Nice en \u00e9change des nombreux prix que les Lesage re\u00e7urent.<\/p>\n<\/div><\/div>\n\n\n\n<div style=\"height:20px\" aria-hidden=\"true\" class=\"wp-block-spacer\"><\/div>\n\n\n\n<hr class=\"wp-block-separator has-alpha-channel-opacity\"\/>\n\n\n\n<div class=\"wp-block-media-text has-media-on-the-right is-stacked-on-mobile is-vertically-aligned-center\" style=\"grid-template-columns:auto 37%\"><div class=\"wp-block-media-text__content\">\n<h3 class=\"wp-block-heading\"><strong>Cons\u00e9cration \u00e0 Milan (<strong><em>Nice Matin<\/em><\/strong>, octobre 1972)<\/strong><\/h3>\n\n\n\n<p>Le tournoi international qui vient de se disputer \u00e0 Milan et qui cl\u00f4ture la saison 1972, a de nouveau consacr\u00e9 la valeur des archers du Comte de Nice sur le plan international en mettant en \u00e9vidence un nom d\u00e9j\u00e0 bien connu parmi les sportifs azur\u00e9ens, celui d\u2019Andr\u00e9 Lesage [photo], d\u00e9tenteur de plusieurs records, auxquels viennent s\u2019ajouter ceux du 70 m. avec 292 points, le total 70-90 m. 509 points, celui du 30 m. 334 points, et enfin le total g\u00e9n\u00e9ral avec 1.113 points, score au niveau de la s\u00e9lection mondiale.<\/p>\n\n\n\n<p>C\u2019est la troisi\u00e8me fois qu\u2019un archer ni\u00e7ois acc\u00e8de \u00e0 cette haute cons\u00e9cration, et Andr\u00e9 Lesage se place ainsi au premier rang des meilleurs tireurs que la C\u00f4te d\u2019Azur ait connu. [\u2026]<\/p>\n\n\n\n<p>Egal succ\u00e8s pour Mich\u00e8le Lesage, qui am\u00e9liore quatre records. Le 60 m. avec 281 points, le 50 m. 278 points, le 50-30 m. 574 points, et enfin le total g\u00e9n\u00e9ral avec 1.097 points, et qui se classe troisi\u00e8me des dames derri\u00e8re la championne de France H. Frey et la championne d\u2019Europe F. Berglund (Su\u00e8de), toutes deux finalistes des derniers Jeux olympiques. [\u2026]<\/p>\n<\/div><figure class=\"wp-block-media-text__media\"><img loading=\"lazy\" decoding=\"async\" width=\"744\" height=\"1024\" src=\"http:\/\/arc-antibes.fr\/wp-content\/uploads\/2025\/07\/04.-Consecration-A-Milan-744x1024.jpg\" alt=\"\" class=\"wp-image-1481 size-full\" srcset=\"http:\/\/arc-antibes.fr\/wp-content\/uploads\/2025\/07\/04.-Consecration-A-Milan-744x1024.jpg 744w, http:\/\/arc-antibes.fr\/wp-content\/uploads\/2025\/07\/04.-Consecration-A-Milan-218x300.jpg 218w, http:\/\/arc-antibes.fr\/wp-content\/uploads\/2025\/07\/04.-Consecration-A-Milan-768x1056.jpg 768w, http:\/\/arc-antibes.fr\/wp-content\/uploads\/2025\/07\/04.-Consecration-A-Milan.jpg 831w\" sizes=\"auto, (max-width: 744px) 100vw, 744px\" \/><\/figure><\/div>\n\n\n\n<div style=\"height:20px\" aria-hidden=\"true\" class=\"wp-block-spacer\"><\/div>\n\n\n\n<hr class=\"wp-block-separator has-alpha-channel-opacity\"\/>\n\n\n\n<h3 class=\"wp-block-heading\"><strong>Mich\u00e8le Lesage premi\u00e8re \u00e0 Bordeaux (<strong><em>Nice Matin<\/em><\/strong>, avril 1973)<\/strong><\/h3>\n\n\n\n<p>Le tournoi qui vient de se d\u00e9rouler \u00e0 Bordeaux a vu la victoire de la Ni\u00e7oise Mich\u00e8le Lesage qui, avec 1.012 points, bat l\u2019Avignonnaise Pierrette Dame qui ne r\u00e9alisa que 1.004 points.<\/p>\n\n\n\n<p>L\u2019\u00e9galit\u00e9 de victoire entre Mich\u00e8le et Pierrette sera d\u00e9partag\u00e9e lors du tournoi international qui se disputera le 1<sup>er<\/sup> mai \u00e0 Antibes o\u00f9 une lutte tr\u00e8s serr\u00e9e va s\u2019engager entre les deux championnes pour gagner la s\u00e9lection des championnats du monde qui se d\u00e9rouleront \u00e0 Grenoble du 23 au 29 juillet prochain.<\/p>\n\n\n\n<div style=\"height:20px\" aria-hidden=\"true\" class=\"wp-block-spacer\"><\/div>\n\n\n\n<hr class=\"wp-block-separator has-alpha-channel-opacity\"\/>\n\n\n\n<h3 class=\"wp-block-heading\"><strong>Mich\u00e8le Lesage m\u00e9daille d\u2019argent \u00e0 Bourges (<strong><em>Nice Matin<\/em><\/strong>, mars 1974)<\/strong><\/h3>\n\n\n\n<p>Cette semaine ont eu lieu, \u00e0 Bourges, les deux championnats de France de tir \u00e0 l\u2019arc, en salle. Une s\u00e9lection avait pr\u00e9alablement permis aux meilleurs tireurs fran\u00e7ais d\u2019y participer (45 au total).<\/p>\n\n\n\n<p>Remarquons que la Compagnie d\u2019Arc d\u2019Antibes a \u00e9t\u00e9 la seule a compter quatre s\u00e9lectionn\u00e9s&nbsp;: J. Nesci (senior), Mich\u00e8le Lesage (dame), J-F. Lesage (cadet), Jean-Marie Lesage (minime).<\/p>\n\n\n\n<p>[\u2026] Mich\u00e8le Lesage se classa seconde et obtint la m\u00e9daille d\u2019argent derri\u00e8re Mme Dame (Avignon), m\u00e9daille d\u2019or, qui a battu deux records du monde, ceux de 18 et de 25 m\u00e8tres.<\/p>\n\n\n\n<p>La veille, au Crit\u00e9rium des jeunes, J-F. Lesage et J-M. Lesage se classaient respectivement 9<sup>e<\/sup> et 16<sup>\u00e8me<\/sup> sur 38 participants.<\/p>\n\n\n\n<div style=\"height:20px\" aria-hidden=\"true\" class=\"wp-block-spacer\"><\/div>\n\n\n\n<hr class=\"wp-block-separator has-alpha-channel-opacity\"\/>\n\n\n\n<h3 class=\"wp-block-heading\"><strong>Les dames offrent le Challenge Denape&nbsp;\u00e0 Antibes (<strong><em>Nice Matin<\/em><\/strong>, mai 1974)<\/strong><\/h3>\n\n\n\n<figure class=\"wp-block-image size-large\"><img loading=\"lazy\" decoding=\"async\" width=\"1024\" height=\"415\" src=\"http:\/\/arc-antibes.fr\/wp-content\/uploads\/2025\/07\/10-1024x415.jpg\" alt=\"\" class=\"wp-image-1507\" srcset=\"http:\/\/arc-antibes.fr\/wp-content\/uploads\/2025\/07\/10-1024x415.jpg 1024w, http:\/\/arc-antibes.fr\/wp-content\/uploads\/2025\/07\/10-300x122.jpg 300w, http:\/\/arc-antibes.fr\/wp-content\/uploads\/2025\/07\/10-768x311.jpg 768w, http:\/\/arc-antibes.fr\/wp-content\/uploads\/2025\/07\/10-1536x622.jpg 1536w, http:\/\/arc-antibes.fr\/wp-content\/uploads\/2025\/07\/10.jpg 1770w\" sizes=\"auto, (max-width: 1024px) 100vw, 1024px\" \/><\/figure>\n\n\n\n<p>Le challenge Maurice Denape est une comp\u00e9tition internationale de tir \u00e0 l\u2019arc dont la renomm\u00e9e d\u00e9passe nos fronti\u00e8res.<\/p>\n\n\n\n<p>Pour sa douzi\u00e8me \u00e9dition, il b\u00e9n\u00e9ficia d\u2019un temps id\u00e9al, et la participation fran\u00e7aise et \u00e9trang\u00e8re fut \u00e0 a limite des possibilit\u00e9s du Fort-Carr\u00e9 avec 22 cibles pour 80 archers.<\/p>\n\n\n\n<p>La Compagnie d\u2019Arc d\u2019Antibes, club organisateur, allait obtenir une cons\u00e9cration s\u2019adjugeant pour la premi\u00e8re fois le troph\u00e9e.<\/p>\n\n\n\n<p>Cette victoire fut acquise, le fait est remarquable, par deux dames [Mme Ferrari et Mme Lesage], toutes deux d\u2019Antibes, qui, par ailleurs, domin\u00e8rent la comp\u00e9tition f\u00e9minine, s\u2019adjugeant toutes deux le FITA-Star, le troisi\u00e8me co\u00e9quipier \u00e9tant Nesci.<\/p>\n\n\n\n<p>Le challenge Denape restera donc \u00e0 Antibes.<\/p>\n\n\n\n<div style=\"height:20px\" aria-hidden=\"true\" class=\"wp-block-spacer\"><\/div>\n\n\n\n<hr class=\"wp-block-separator has-alpha-channel-opacity\"\/>\n\n\n\n<div class=\"wp-block-media-text is-stacked-on-mobile is-vertically-aligned-center\" style=\"grid-template-columns:42% auto\"><figure class=\"wp-block-media-text__media\"><img loading=\"lazy\" decoding=\"async\" width=\"840\" height=\"1018\" src=\"http:\/\/arc-antibes.fr\/wp-content\/uploads\/2025\/07\/09.-La-Belle-Equipe-dAntibes-A-Villeurbanne.jpg\" alt=\"\" class=\"wp-image-1506 size-full\" srcset=\"http:\/\/arc-antibes.fr\/wp-content\/uploads\/2025\/07\/09.-La-Belle-Equipe-dAntibes-A-Villeurbanne.jpg 840w, http:\/\/arc-antibes.fr\/wp-content\/uploads\/2025\/07\/09.-La-Belle-Equipe-dAntibes-A-Villeurbanne-248x300.jpg 248w, http:\/\/arc-antibes.fr\/wp-content\/uploads\/2025\/07\/09.-La-Belle-Equipe-dAntibes-A-Villeurbanne-768x931.jpg 768w\" sizes=\"auto, (max-width: 840px) 100vw, 840px\" \/><\/figure><div class=\"wp-block-media-text__content\">\n<h3 class=\"wp-block-heading\"><strong>La belle \u00e9quipe d\u2019Antibes au Grand prix international de Villeurbanne (<em>Nice Matin<\/em>, juin 1974)<\/strong><\/h3>\n\n\n\n<p>Les 2 et 3 juin avait lieu \u00e0 Villeurbanne un double tournoi international de tir \u00e0 l\u2019arc r\u00e9unissant la plupart des meilleurs tireurs fran\u00e7ais ainsi qu\u2019une \u00e9quipe suisse.<\/p>\n\n\n\n<p>Le vent violent qui souffla le premier jour emp\u00eacha les tireurs de faire de bons scores, sauf pour Jean Nesci, d\u2019Antibes, qui s\u2019assura 80 points d\u2019avance. Le temps id\u00e9al du lendemain permit, surtout chez les dames, d\u2019excellentes performances. [\u2026]<\/p>\n\n\n\n<p>Mich\u00e8le Lesage, d\u2019Antibes, \u00e9tait seconde avec 2.194 points, soit 1.054 points et 1.140 points, battant ainsi son ancien record de Ligue C\u00f4te d\u2019Azur, 1.129 points. [\u2026] Chez les messieurs, Jean Nesci, d\u2019Antibes-Juan-les-Pins, remportait la premi\u00e8re place avec un total de 2.124 points devant Leray, de Lyon, 2.071 points et Vial, de Grenoble, 2.068 points. Andr\u00e9 Lesage, d\u2019Antibes, se classa neuvi\u00e8me avec 1.978 points.<\/p>\n<\/div><\/div>\n\n\n\n<div style=\"height:20px\" aria-hidden=\"true\" class=\"wp-block-spacer\"><\/div>\n\n\n\n<hr class=\"wp-block-separator has-alpha-channel-opacity\"\/>\n\n\n\n<div class=\"wp-block-media-text has-media-on-the-right is-stacked-on-mobile is-vertically-aligned-center\" style=\"grid-template-columns:auto 36%\"><div class=\"wp-block-media-text__content\">\n<h3 class=\"wp-block-heading\"><strong><mark style=\"background-color:rgba(0, 0, 0, 0)\" class=\"has-inline-color has-black-color\">Mich\u00e8le Lesage aux Championnats d&rsquo;Europe de tir \u00e0 l&rsquo;arc \u00e0 Zagreb (<strong><em>Nice Matin<\/em><\/strong>, ao\u00fbt 1974)<\/mark><\/strong><\/h3>\n\n\n\n<p>R\u00e9cemment, \u00e9taient r\u00e9unies \u00e0 l\u2019INS, \u00e0 Vincennes, les \u00e9quipes de France masculines et f\u00e9minines comprenant douze hommes et huit femmes (dont deux Antiboises, Mesdames Maur et Lesage), en vue des s\u00e9lections pour les championnats d\u2019Europe de tir \u00e0 l\u2019arc, qui se d\u00e9rouleront les 24 et 25 ao\u00fbt \u00e0 Zagreb, en Yougoslavie. A la suite d\u2019un tir s\u00e9lectif, les membres du conseil sup\u00e9rieur de la F\u00e9d\u00e9ration fran\u00e7aise de tir \u00e0 l\u2019arc d\u00e9cid\u00e8rent que la France serait repr\u00e9sent\u00e9e dans la cat\u00e9gorie f\u00e9minine par Mesdames P. Dame (Avignon), H. Frey (Strasbourg), M. Lesage (Antibes) et L. Sarrazin (Rueil-Malmaison). [\u2026]<\/p>\n<\/div><figure class=\"wp-block-media-text__media\"><img loading=\"lazy\" decoding=\"async\" width=\"526\" height=\"909\" src=\"http:\/\/arc-antibes.fr\/wp-content\/uploads\/2025\/07\/02.-Michele-Lesage-A-Zagreb-1.jpg\" alt=\"\" class=\"wp-image-1490 size-full\" srcset=\"http:\/\/arc-antibes.fr\/wp-content\/uploads\/2025\/07\/02.-Michele-Lesage-A-Zagreb-1.jpg 526w, http:\/\/arc-antibes.fr\/wp-content\/uploads\/2025\/07\/02.-Michele-Lesage-A-Zagreb-1-174x300.jpg 174w\" sizes=\"auto, (max-width: 526px) 100vw, 526px\" \/><\/figure><\/div>\n\n\n\n<div style=\"height:20px\" aria-hidden=\"true\" class=\"wp-block-spacer\"><\/div>\n\n\n\n<hr class=\"wp-block-separator has-alpha-channel-opacity\"\/>\n\n\n\n<div class=\"wp-block-media-text is-stacked-on-mobile is-vertically-aligned-center\" style=\"grid-template-columns:44% auto\"><figure class=\"wp-block-media-text__media\"><img loading=\"lazy\" decoding=\"async\" width=\"1024\" height=\"1018\" src=\"http:\/\/arc-antibes.fr\/wp-content\/uploads\/2025\/07\/05.-Tir-Indoor-Quatre-Qualifies-1024x1018.jpg\" alt=\"\" class=\"wp-image-1484 size-full\" srcset=\"http:\/\/arc-antibes.fr\/wp-content\/uploads\/2025\/07\/05.-Tir-Indoor-Quatre-Qualifies-1024x1018.jpg 1024w, http:\/\/arc-antibes.fr\/wp-content\/uploads\/2025\/07\/05.-Tir-Indoor-Quatre-Qualifies-300x298.jpg 300w, http:\/\/arc-antibes.fr\/wp-content\/uploads\/2025\/07\/05.-Tir-Indoor-Quatre-Qualifies-150x150.jpg 150w, http:\/\/arc-antibes.fr\/wp-content\/uploads\/2025\/07\/05.-Tir-Indoor-Quatre-Qualifies-768x764.jpg 768w, http:\/\/arc-antibes.fr\/wp-content\/uploads\/2025\/07\/05.-Tir-Indoor-Quatre-Qualifies.jpg 1102w\" sizes=\"auto, (max-width: 1024px) 100vw, 1024px\" \/><\/figure><div class=\"wp-block-media-text__content\">\n<h3 class=\"wp-block-heading\"><strong>Tir \u00ab&nbsp;indoor&nbsp;\u00bb&nbsp;: d\u00e9j\u00e0 quatre qualifi\u00e9s aux Champion<mark style=\"background-color:rgba(0, 0, 0, 0)\" class=\"has-inline-color has-black-color\">nats de France (<strong><em>Nice Matin<\/em><\/strong>, novembre 1<\/mark>976)<\/strong><\/h3>\n\n\n\n<p>La Compagnie d\u2018Arc d\u2019Antibes organisait dimanche, salle Laval, le concours qualificatif pour le Championnat de France \u00ab&nbsp;indoor&nbsp;\u00bb Tir \u00e0 25 m. [\u2026]<\/p>\n\n\n\n<p>Deux s\u00e9ries de tir \u00e9taient pr\u00e9vues sous la direction des arbitres Messieurs P\u00e9gliasco et Dunan. Parmi les favoris, Mich\u00e8le Lesage, pr\u00e9sidente du Club d\u2019Antibes, r\u00e9cemment \u00e9lue membre du Conseil sup\u00e9rieur de la F\u00e9d\u00e9ration et membre de l\u2019\u00e9quipe de France, ainsi que Marguerite Maur et Jean Nesci, \u00e9galement de l\u2019\u00e9quipe de France.<\/p>\n\n\n\n<p>A noter que Jean Nesci, avec 564 points, a battu le record de la ligue qu\u2019il d\u00e9tenait d\u00e9j\u00e0 avec 562 points. [\u2026]<\/p>\n<\/div><\/div>\n\n\n\n<p><em>L\u2019assembl\u00e9e g\u00e9n\u00e9rale annuelle de la Compagnie de tir \u00e0 l\u2019arc s\u2019est tenue en pr\u00e9sence de M. Jean Bunoz, adjoint aux sports de la ville d\u2019Antibes. Les qualifications officielles des tireurs ont \u00e9t\u00e9 rappel\u00e9es.<\/em><\/p>\n\n\n\n<p><em>Jean-Marie Lesage, m\u00e9daille de bronze au crit\u00e9rium des jeunes (tir en salle) obtient d\u2019excellents classements qui lui permirent d\u2019\u00eatre s\u00e9lectionn\u00e9s dans l\u2019\u00e9quipe de France des jeunes.<\/em><\/p>\n\n\n\n<p><em>Mich\u00e8le Lesage, s\u00e9lectionn\u00e9e en \u00e9quipe de France, m\u00e9daille de bronze au championnat de France toute distance et finaliste du championnat de France en Beursault et f\u00e9d\u00e9ral, et class\u00e9e en championnat de France tir en salle.<\/em><\/p>\n\n\n\n<p><em>Marguerite Maur, pr\u00e9s\u00e9lectionn\u00e9e olympique, 4<sup>e<\/sup> au Championnat de France \u00ab&nbsp;indoor&nbsp;\u00bb, fut finaliste en Championnat de France FITA. [\u2026]<\/em><\/p>\n\n\n\n<p><em>Jean Nesci obtint le Coq noir et or \u00e0 Cannes, r\u00e9compense des seniors de niveau mondial. S\u00e9lectionn\u00e9 pour les prochains championnats du monde \u00e0 Cambera, en Australie.<\/em><\/p>\n\n\n\n<p><em>Les archers, ont particip\u00e9 \u00e0 des concours dans 18 villes diff\u00e9rentes dont Maribor en Yougoslavie et Milan en Italie.<\/em><\/p>\n\n\n\n<div style=\"height:20px\" aria-hidden=\"true\" class=\"wp-block-spacer\"><\/div>\n\n\n\n<hr class=\"wp-block-separator has-alpha-channel-opacity\"\/>\n\n\n\n<div class=\"wp-block-media-text has-media-on-the-right is-stacked-on-mobile\" style=\"grid-template-columns:auto 17%\"><div class=\"wp-block-media-text__content\">\n<h3 class=\"wp-block-heading\"><strong>Marguerite Maur est vice-championne de Fran<mark style=\"background-color:rgba(0, 0, 0, 0)\" class=\"has-inline-color has-black-color\">ce (<strong><em>Nice Matin<\/em><\/strong>, f\u00e9vier 1977)<\/mark><\/strong><\/h3>\n\n\n\n<p>Depuis quelques jours, Antibes compte une vice-championne de France. C\u2019est en tir \u00e0 l\u2019arc que Mme Marguerite Maur a remport\u00e9 cette belle m\u00e9daille d\u2019argent. [\u2026] Trois Antibois [Jean Nesci, Mich\u00e8le Lesage et Marguerite Maur] s\u2019\u00e9taient qualifi\u00e9s pour la finale nationale de tir en salle, ce qui est remarquable. Mme Maur [photo] devait faire une d\u00e9monstration extr\u00eamement brillante. En t\u00eate \u00e0 la fin du premier tir, elle ne conc\u00e9dait, en fin de compte, que quatre points \u00e0 la championne de France, s\u2019octroyant la m\u00e9daille d\u2019argent. [&#8230;]<\/p>\n<\/div><figure class=\"wp-block-media-text__media\"><img loading=\"lazy\" decoding=\"async\" width=\"377\" height=\"1024\" src=\"http:\/\/arc-antibes.fr\/wp-content\/uploads\/2025\/07\/15.-Marguerite-Maur-Vice-Championne-De-France-377x1024.jpg\" alt=\"\" class=\"wp-image-1509 size-full\" srcset=\"http:\/\/arc-antibes.fr\/wp-content\/uploads\/2025\/07\/15.-Marguerite-Maur-Vice-Championne-De-France-377x1024.jpg 377w, http:\/\/arc-antibes.fr\/wp-content\/uploads\/2025\/07\/15.-Marguerite-Maur-Vice-Championne-De-France-110x300.jpg 110w, http:\/\/arc-antibes.fr\/wp-content\/uploads\/2025\/07\/15.-Marguerite-Maur-Vice-Championne-De-France.jpg 532w\" sizes=\"auto, (max-width: 377px) 100vw, 377px\" \/><\/figure><\/div>\n\n\n\n<div style=\"height:20px\" aria-hidden=\"true\" class=\"wp-block-spacer\"><\/div>\n\n\n\n<hr class=\"wp-block-separator has-alpha-channel-opacity\"\/>\n\n\n\n<h3 class=\"wp-block-heading\"><strong>Les archers ant<mark style=\"background-color:rgba(0, 0, 0, 0)\" class=\"has-inline-color has-black-color\">ibois font parler d\u2019eux (<strong><em>Nice Matin<\/em><\/strong>, mars 1<\/mark>977)<\/strong><\/h3>\n\n\n\n<p>Le 27 mars avait lieu \u00e0&nbsp; Marvejols (Loz\u00e8re) la finale des Championnats de France de tir en salle pour les handicap\u00e9s. Il s\u2019agissait d\u2019un tir de 2 fois 30 fl\u00e8ches \u00e0 25 m. plus 2 fois 30 fl\u00e8ches \u00e0 18 m. Et de nouveau, nos repr\u00e9sentants ont su faire briller les couleurs d\u2019Antibes. En effet, M. Piccicelli dans une forme \u00e9blouissante a r\u00e9ussi l\u2019excellent score de 1.022 points, ce qui lui valut la m\u00e9daille de bronze, cependant que V. Carbone avec 1.020 points prenait la 5<sup>e<\/sup> place. [\u2026]<\/p>\n\n\n\n<p>Par \u00e9quipe, Antibes obtenait la m\u00e9daille d\u2019or avec Piccicelli, Carbone et Derre.<\/p>\n\n\n\n<div style=\"height:20px\" aria-hidden=\"true\" class=\"wp-block-spacer\"><\/div>\n\n\n\n<hr class=\"wp-block-separator has-alpha-channel-opacity\"\/>\n\n\n\n<div class=\"wp-block-media-text is-stacked-on-mobile\" style=\"grid-template-columns:40% auto\"><figure class=\"wp-block-media-text__media\"><img loading=\"lazy\" decoding=\"async\" width=\"951\" height=\"1024\" src=\"http:\/\/arc-antibes.fr\/wp-content\/uploads\/2025\/07\/14.-Marguerite-Maur-A-Ajaccio-951x1024.jpg\" alt=\"\" class=\"wp-image-1508 size-full\" srcset=\"http:\/\/arc-antibes.fr\/wp-content\/uploads\/2025\/07\/14.-Marguerite-Maur-A-Ajaccio-951x1024.jpg 951w, http:\/\/arc-antibes.fr\/wp-content\/uploads\/2025\/07\/14.-Marguerite-Maur-A-Ajaccio-279x300.jpg 279w, http:\/\/arc-antibes.fr\/wp-content\/uploads\/2025\/07\/14.-Marguerite-Maur-A-Ajaccio-768x827.jpg 768w, http:\/\/arc-antibes.fr\/wp-content\/uploads\/2025\/07\/14.-Marguerite-Maur-A-Ajaccio.jpg 1056w\" sizes=\"auto, (max-width: 951px) 100vw, 951px\" \/><\/figure><div class=\"wp-block-media-text__content\">\n<h3 class=\"wp-block-heading\"><strong><mark style=\"background-color:rgba(0, 0, 0, 0)\" class=\"has-inline-color has-black-color\">Au FITA de tir \u00e0 l\u2019arc d\u2019Ajaccio&nbsp;: victoire de Marguerite Maur et de la Compagnie d\u2019Arc d\u2019Antibes (<strong><em>Nice Matin<\/em><\/strong>, 1978)<\/mark><\/strong><\/h3>\n\n\n\n<p>Le IV<sup>e<\/sup> FITA olympique, organis\u00e9 \u00e0 Ajaccio, dans un magnifique d\u00e9cor de verdure, en bord de mer, a \u00e9t\u00e9 relev\u00e9 par la pr\u00e9sence de nombreux archers de la C\u00f4te d\u2019Azur, dont le champion de France, le Cannois Henri Franck, vainqueur l\u2019an dernier de l\u2019\u00e9preuve, les Antibois Nesci et Maur chez les messieurs, de Mme Marguerite Maur et Mme Derlyn, \u00e9galement d\u2019Antibes, chez les dames. [\u2026]<\/p>\n\n\n\n<p>C\u2019est surtout du c\u00f4t\u00e9 des dames que la satisfaction aura \u00e9t\u00e9 la plus grande, avec la nouvelle victoire de Marguerite Maur [photo] dont c\u2019\u00e9tait le 3<sup>\u00e8me<\/sup> succ\u00e8s sur les quatre FITA insulaires. Intouchable (1.008 points), elle a devanc\u00e9 sa co\u00e9quipi\u00e8re d\u2019Antibes, Mme Derlyn, seconde avec 930 points.<\/p>\n\n\n\n<p>La Compagnie d\u2019Arc d\u2019Antibes s\u2019est une nouvelle fois impos\u00e9e par \u00e9quipes en s\u2019adjugeant d\u00e9finitivement le \u00ab&nbsp;bouclier&nbsp;\u00bb apr\u00e8s 3 succ\u00e8s cons\u00e9cutifs, totalisant 3.162 points.<\/p>\n<\/div><\/div>\n\n\n\n<div style=\"height:20px\" aria-hidden=\"true\" class=\"wp-block-spacer\"><\/div>\n\n\n\n<hr class=\"wp-block-separator has-alpha-channel-opacity\"\/>\n\n\n\n<h3 class=\"wp-block-heading\"><strong><mark style=\"background-color:rgba(0, 0, 0, 0)\" class=\"has-inline-color has-black-color\">La Ligue C\u00f4te d\u2019Azur-Corse gagne la coupe de France de tir \u00e0 l\u2019arc (<strong><em>Nice Matin<\/em><\/strong>, 1979)<\/mark><\/strong><\/h3>\n\n\n\n<p>R\u00e9cemment se disputait \u00e0 Suresnes la coupe de France, seniors et jeunes. 22 ligues pr\u00e9sentaient chacune une \u00e9quipe de 5 archers seniors et une \u00e9quipe de jeunes, minimes et cadets.<\/p>\n\n\n\n<p>Cette \u00e9preuve se dispute sur cibles en plein air \u00e0 50 m\u00e8tres par vol\u00e9e de 36 fl\u00e8ches. Elle comprend deux s\u00e9ries \u00e9liminatoires suivies d\u2019une demi-finale et d\u2019une finale.<\/p>\n\n\n\n<p>La C\u00f4te d\u2019Azur apr\u00e8s s\u00e9lection \u00e9taient repr\u00e9sent\u00e9e pour l\u2019\u00e9quipe senior par&nbsp;: Eric Brandizi (Ajaccio), Maurice Herv\u00e9 (Toulon), Andr\u00e9 Mara (Sart\u00e8ne), Jean Nesci (Antibes), Andr\u00e9 Ruiz (Issambres).<\/p>\n\n\n\n<p>L\u2019\u00e9quipe senior finissait premi\u00e8re aux \u00e9liminatoires et disputait la demi-finale contre l\u2019Aquitaine qu\u2019elle \u00e9liminait et se retrouvait en finale contre l\u2019excellente Picarde. Jusqu\u2019\u00e0 la fin de ce dernier tir les spectateurs furent tenus en haleine, les deux \u00e9quipes n\u2019ayant que quelques points d\u2019\u00e9cart. La victoire devait revenir aux Azur\u00e9ens.<\/p>\n\n\n\n<p>L\u2019organisation de la coupe venant de droit \u00e0 la ligue l\u2019ayant remport\u00e9e, nous aurons l\u2019honneur en 1980 de voir se d\u00e9rouler cette belle comp\u00e9tition nationale dans notre r\u00e9gion.<\/p>\n\n\n\n<div style=\"height:100px\" aria-hidden=\"true\" class=\"wp-block-spacer\"><\/div>\n\n\n\n<p>\u00a9 2026 Compagnie d&rsquo;Arc d&rsquo;Antibes<\/p>\n","protected":false},"excerpt":{"rendered":"<p>Les sp\u00e9cificit\u00e9s d&rsquo;une Compagnie d&rsquo;arc Une Compagnie n&rsquo;est pas qu&rsquo;un simple Club : elle est issue d&rsquo;une tradition ancienne. A l&rsquo;origine, les Compagnies d&rsquo;arc sont des organisations militaires m\u00e9di\u00e9vales, r\u00e9gies par des r\u00e8gles chevaleresques. Elles sont constitu\u00e9es d&rsquo;archers et des &hellip; <a href=\"http:\/\/arc-antibes.fr\/?page_id=1445\">Continuer la lecture <span class=\"meta-nav\">&rarr;<\/span><\/a><\/p>\n","protected":false},"author":1,"featured_media":1510,"parent":0,"menu_order":0,"comment_status":"closed","ping_status":"closed","template":"","meta":{"ngg_post_thumbnail":0,"footnotes":""},"class_list":["post-1445","page","type-page","status-publish","has-post-thumbnail","hentry"],"_links":{"self":[{"href":"http:\/\/arc-antibes.fr\/index.php?rest_route=\/wp\/v2\/pages\/1445","targetHints":{"allow":["GET"]}}],"collection":[{"href":"http:\/\/arc-antibes.fr\/index.php?rest_route=\/wp\/v2\/pages"}],"about":[{"href":"http:\/\/arc-antibes.fr\/index.php?rest_route=\/wp\/v2\/types\/page"}],"author":[{"embeddable":true,"href":"http:\/\/arc-antibes.fr\/index.php?rest_route=\/wp\/v2\/users\/1"}],"replies":[{"embeddable":true,"href":"http:\/\/arc-antibes.fr\/index.php?rest_route=%2Fwp%2Fv2%2Fcomments&post=1445"}],"version-history":[{"count":99,"href":"http:\/\/arc-antibes.fr\/index.php?rest_route=\/wp\/v2\/pages\/1445\/revisions"}],"predecessor-version":[{"id":3649,"href":"http:\/\/arc-antibes.fr\/index.php?rest_route=\/wp\/v2\/pages\/1445\/revisions\/3649"}],"wp:featuredmedia":[{"embeddable":true,"href":"http:\/\/arc-antibes.fr\/index.php?rest_route=\/wp\/v2\/media\/1510"}],"wp:attachment":[{"href":"http:\/\/arc-antibes.fr\/index.php?rest_route=%2Fwp%2Fv2%2Fmedia&parent=1445"}],"curies":[{"name":"wp","href":"https:\/\/api.w.org\/{rel}","templated":true}]}}