{"id":1835,"date":"2025-10-11T20:22:13","date_gmt":"2025-10-11T18:22:13","guid":{"rendered":"http:\/\/arc-antibes.fr\/?page_id=1835"},"modified":"2026-03-29T09:50:44","modified_gmt":"2026-03-29T07:50:44","slug":"reglement-interieur-de-la-compagnie","status":"publish","type":"page","link":"http:\/\/arc-antibes.fr\/?page_id=1835","title":{"rendered":"R\u00e8glement int\u00e9rieur de la Compagnie"},"content":{"rendered":"\n<div style=\"height:50px\" aria-hidden=\"true\" class=\"wp-block-spacer\"><\/div>\n\n\n\n<p>Le Conseil d&rsquo;Administration de la Compagnie d&rsquo;Arc d&rsquo;Antibes, sur approbation de l&rsquo;Assembl\u00e9e g\u00e9n\u00e9rale, d\u00e9cide ce qui suit (MAJ. le 11 octobre 2025).<\/p>\n\n\n\n<div style=\"height:50px\" aria-hidden=\"true\" class=\"wp-block-spacer\"><\/div>\n\n\n\n<hr class=\"wp-block-separator has-alpha-channel-opacity\"\/>\n\n\n\n<h2 class=\"wp-block-heading\" id=\"partie-adh\u00e9sion\"><strong><mark style=\"background-color:rgba(0, 0, 0, 0)\" class=\"has-inline-color has-blue-color\">Adh\u00e9sion<\/mark><\/strong><\/h2>\n\n\n\n<h3 class=\"wp-block-heading\"><strong>Article l- Conditions requises<\/strong><\/h3>\n\n\n\n<p>Pour \u00eatre membre actif il faut cumulativement :<\/p>\n\n\n\n<ul class=\"wp-block-list\">\n<li>Etre licenci\u00e9 \u00e0 la FFTA (F\u00e9d\u00e9ration Fran\u00e7aise de Tir \u00e0 l&rsquo;Arc).<\/li>\n\n\n\n<li>Etre \u00e0 jour de ses cotisations.<\/li>\n\n\n\n<li>Remplir le questionnaire de sant\u00e9 et en cas de r\u00e9ponse positive fournir le certificat m\u00e9dical de non contre-indication \u00e0 la pratique du tir \u00e0 l&rsquo;arc en comp\u00e9tition en cours de validit\u00e9.<\/li>\n\n\n\n<li>Pour les mineurs avoir une autorisation parentale ou du repr\u00e9sentant l\u00e9gal \u00e9crite pour toute intervention chirurgicale ou pr\u00e9l\u00e8vement pour la lutte anti-dopage.<\/li>\n\n\n\n<li>Avoir rempli la fiche de renseignement avec un num\u00e9ro de t\u00e9l\u00e9phone et une adresse courriel.<\/li>\n\n\n\n<li>Accepter tout d\u00e9placement pris en charge par un membre de la compagnie ; il doit faire l\u2019objet d\u2019une d\u00e9charge de responsabilit\u00e9.<\/li>\n<\/ul>\n\n\n\n<h3 class=\"wp-block-heading\"><strong>Article 2- Changement de compagnie ou de club<\/strong><\/h3>\n\n\n\n<p>Se r\u00e9f\u00e9rer \u00e0 la r\u00e9glementation f\u00e9d\u00e9rale.<\/p>\n\n\n\n<h3 class=\"wp-block-heading\"><strong>Article 3- Renouvellement des adh\u00e9sions<\/strong><\/h3>\n\n\n\n<p>Tout renouvellement d\u2019adh\u00e9sion doit se faire avant la date de l\u2019Assembl\u00e9e g\u00e9n\u00e9rale.<\/p>\n\n\n\n<p>Il est souhaitable pour le bon d\u00e9roulement de l&rsquo;association que les renouvellements soient faits avant le 1<sup>er<\/sup> octobre de l\u2019ann\u00e9e sportive. Pass\u00e9 cette date les scores d\u00e9j\u00e0 obtenus ne seront pas comptabilis\u00e9s (r\u00e8glement FFTA).<\/p>\n\n\n\n<p>Le code du portail sera communiqu\u00e9 \u00e0 l\u2019issue de l\u2019inscription sous r\u00e9serve de modification de la proc\u00e9dure d\u2019acc\u00e8s par la mairie.<\/p>\n\n\n\n<h3 class=\"wp-block-heading\"><strong>Article 4- Forme des demandes de premi\u00e8re adh\u00e9sion<\/strong><\/h3>\n\n\n\n<p>Adh\u00e9sion possible pour les jeunes \u00e0 partir de 5 ans. Pas de limite d\u2019\u00e2ge pour les adultes.<\/p>\n\n\n\n<p>Le r\u00e8glement int\u00e9rieur et le livret d\u2019accueil seront remis \u00e0 tout adh\u00e9rent soit sous forme papier, soit sous forme d\u00e9mat\u00e9rialis\u00e9e.<\/p>\n\n\n\n<h3 class=\"wp-block-heading\"><strong>Article 5- Membres d\u2019une autre compagnie ou d\u2019un autre club<\/strong><\/h3>\n\n\n\n<p>Un archer d&rsquo;une autre compagnie ou club pourra \u00e9ventuellement venir s&rsquo;entrainer sur les installations de la Compagnie d&rsquo;Arc d\u2019Antibes \u00e0 condition.<\/p>\n\n\n\n<ul class=\"wp-block-list\">\n<li>Qu&rsquo;il soit agr\u00e9\u00e9 par le Conseil d\u2019Administration.<\/li>\n\n\n\n<li>Qu&rsquo;il fasse la preuve de son affiliation \u00e0 la FFTA, FIFA ou autres f\u00e9d\u00e9rations (pr\u00e9sentation de la licence en cours de validit\u00e9).<\/li>\n\n\n\n<li>Qu&rsquo;il fasse la preuve de sa capacit\u00e9 \u00e0 tirer aux distances pratiqu\u00e9es par l&rsquo;association.<\/li>\n\n\n\n<li>Qu&rsquo;il paye la cotisation annuelle exig\u00e9e des membres actifs, demand\u00e9e par le Conseil d\u2019Administration et revue chaque ann\u00e9e.<\/li>\n\n\n\n<li>Qu\u2019il respecte les r\u00e8gles de s\u00e9curit\u00e9 et le r\u00e8glement int\u00e9rieur.<\/li>\n<\/ul>\n\n\n\n<div style=\"height:50px\" aria-hidden=\"true\" class=\"wp-block-spacer\"><\/div>\n\n\n\n<hr class=\"wp-block-separator has-alpha-channel-opacity\"\/>\n\n\n\n<h2 class=\"wp-block-heading\" id=\"partie-cotisations\"><strong><mark style=\"background-color:rgba(0, 0, 0, 0)\" class=\"has-inline-color has-blue-color\">Cotisations<\/mark><\/strong><\/h2>\n\n\n\n<h3 class=\"wp-block-heading\"><strong>Article 6- Paiement des cotisations<\/strong><\/h3>\n\n\n\n<p>Le paiement des cotisations, en une ou plusieurs fois devra se faire entre le 1<sup>er<\/sup> septembre et le 1<sup>er<\/sup> octobre de chaque ann\u00e9e.<\/p>\n\n\n\n<p>Durant cette p\u00e9riode un paiement en plusieurs fois est possible avec un encaissement \u00e0 un mois d\u2019intervalle. Plusieurs modes de paiement sont envisageables.<\/p>\n\n\n\n<h3 class=\"wp-block-heading\"><strong>Article 7- D\u00e9faut de paiement<\/strong><\/h3>\n\n\n\n<p>Nul ne pourra s\u2019entra\u00eener ou participer \u00e0 des comp\u00e9titions s\u2019il n\u2019est pas \u00e0 jour de ses cotisations et en possession d\u2019une licence en cours de validit\u00e9.<\/p>\n\n\n\n<h3 class=\"wp-block-heading\"><strong>Article 8- Cotisations r\u00e9duites<\/strong><\/h3>\n\n\n\n<p>Une r\u00e9duction famille (\u00e0 partir de 3 personnes) est pr\u00e9vue par la Compagnie et est revue chaque ann\u00e9e.<\/p>\n\n\n\n<p>La licence d\u00e9couverte est valable \u00e0 partir du 1<sup>er<\/sup> mars et seulement pour une premi\u00e8re ann\u00e9e de licence.<\/p>\n\n\n\n<div style=\"height:50px\" aria-hidden=\"true\" class=\"wp-block-spacer\"><\/div>\n\n\n\n<hr class=\"wp-block-separator has-alpha-channel-opacity\"\/>\n\n\n\n<h2 class=\"wp-block-heading\" id=\"partie-gestion-de-lassociation\"><strong><mark style=\"background-color:rgba(0, 0, 0, 0)\" class=\"has-inline-color has-blue-color\">Gestion de l&rsquo;association<\/mark><\/strong><\/h2>\n\n\n\n<h3 class=\"wp-block-heading\"><strong>Article 9- Obligations de l\u2019association en mati\u00e8re de s\u00e9curit\u00e9 incendie et d\u2019alerte attentat<\/strong><\/h3>\n\n\n\n<p>1. La mairie d\u2019Antibes Juan les Pins transf\u00e8re la responsabilit\u00e9 sp\u00e9cifique \u00e0 la s\u00e9curit\u00e9 incendie au pr\u00e9sident de la Compagnie d\u2019Arc d\u2019Antibes.<\/p>\n\n\n\n<p>La commune d\u2019Antibes Juan les Pins proposera des formations sur la s\u00e9curit\u00e9 incendie ouvertes \u00e0 tous les licenci\u00e9s de plus de 18 ans.<\/p>\n\n\n\n<ul class=\"wp-block-list\">\n<li>Les locaux : l\u2019acc\u00e8s aux locaux de la Compagnie ne pourra se faire qu\u2019en pr\u00e9sence de personnes habilit\u00e9es s\u00e9curit\u00e9 incendie.<\/li>\n\n\n\n<li>Le terrain de tir : l\u2019acc\u00e8s au terrain se fera en pr\u00e9sence d\u2019au moins deux licenci\u00e9s ou un mineur de moins de quatorze ans accompagn\u00e9 de deux adultes. Pour les mineurs de plus de quatorze ans, un parent ou un membre de la Compagnie sera n\u00e9cessaire.<\/li>\n<\/ul>\n\n\n\n<p>La Compagnie s\u2019engage \u00e0 informer ses membres sur les <a href=\"http:\/\/arc-antibes.fr\/wp-content\/uploads\/2025\/09\/Fiche_Archer_Securite_Incendie.pdf\" target=\"_blank\" rel=\"noreferrer noopener\"><strong>consignes de s\u00e9curit\u00e9 incendie<\/strong><\/a> ainsi que le point de rassemblement en cas d\u2019incendie. Un affichage ext\u00e9rieur lisible et accessible \u00e0 toute personne pr\u00e9sente sur les lieux sera \u00e9galement mis en place.<\/p>\n\n\n\n<p>2. Lors des comp\u00e9titions officielles et manifestations organis\u00e9es par la Compagnie l\u2019acc\u00e8s se fera \u00e0 travers le portail manuel lat\u00e9ral.<\/p>\n\n\n\n<p>Un v\u00e9hicule de protection sera plac\u00e9 derri\u00e8re le portail.<\/p>\n\n\n\n<p>L\u2019acc\u00e8s aux installations se fera sous contr\u00f4le d\u2019un membre de la Compagnie.<\/p>\n\n\n\n<p>Un macaron sera distribu\u00e9, \u00e0 installer imp\u00e9rativement et visiblement dans les v\u00e9hicules.<\/p>\n\n\n\n<p>Durant les manifestations sportives organis\u00e9es, les portillons situ\u00e9s sur le terrain de tir \u00e0 l\u2019arc seront d\u00e9verrouill\u00e9s afin de permettre une \u00e9vacuation en cas d\u2019alerte attentat.<\/p>\n\n\n\n<p>Le parking int\u00e9rieur sera r\u00e9serv\u00e9 aux arbitres, membres du comit\u00e9 directeur et personnes \u00e0 mobilit\u00e9 r\u00e9duite.<\/p>\n\n\n\n<h3 class=\"wp-block-heading\"><strong>Article 10- Pouvoirs du Conseil d\u2019Administration<\/strong><\/h3>\n\n\n\n<p>Toute proposition doit imp\u00e9rativement \u00eatre valid\u00e9e par le Conseil d\u2019Administration avant toute action.<\/p>\n\n\n\n<p>Le Conseil d\u2019Administration est \u00e9lu pour 4 ans, l\u2019ann\u00e9e des Jeux Olympiques comme \u00e9nonc\u00e9 dans les statuts. Le Conseil d\u2019administration a pleins pouvoirs pour la gestion administrative et financi\u00e8re de l\u2019association ainsi que pour adh\u00e9rer \u00e0 toutes conventions officielles (Etat, CDOS, mairie\u2026) et plus particuli\u00e8rement le Contrat d\u2019Engagement R\u00e9publicain \u00e9dict\u00e9 par l\u2019Etat en 2022 :<\/p>\n\n\n\n<ul class=\"wp-block-list\">\n<li>Respect des Lois de la R\u00e9publique.<\/li>\n\n\n\n<li>Respect de la Libert\u00e9 de conscience.<\/li>\n\n\n\n<li>Respect de la Libert\u00e9 des membres de l\u2019association.<\/li>\n\n\n\n<li>Respect de l\u2019Egalit\u00e9 et de la non-discrimination.<\/li>\n\n\n\n<li>Respect de la Fraternit\u00e9 et pr\u00e9vention de la violence.<\/li>\n\n\n\n<li>Respect de la dignit\u00e9 de la personne humaine.<\/li>\n<\/ul>\n\n\n\n<p>Toute personne ne respectant pas ces engagements se verrait sanctionn\u00e9e.<\/p>\n\n\n\n<p>Les membres du Conseil d\u2019Administration restent ouverts \u00e0 toute proposition. Ces propositions sont discut\u00e9es en r\u00e9union et \u00e9ventuellement valid\u00e9es.<\/p>\n\n\n\n<h3 class=\"wp-block-heading\"><strong>Article 11- Comp\u00e9tences du Conseil d\u2019Administration<\/strong><\/h3>\n\n\n\n<p>Le Conseil d\u2019Administration directeur a autorit\u00e9 pour :<\/p>\n\n\n\n<ul class=\"wp-block-list\">\n<li>Constituer toute commission sp\u00e9ciale n\u00e9cessaire au fonctionnement de la Compagnie.<\/li>\n\n\n\n<li>Confier des missions particuli\u00e8res \u00e0 un ou plusieurs membres actifs.<\/li>\n\n\n\n<li>Organiser les comp\u00e9titions.<\/li>\n\n\n\n<li>Organiser des s\u00e9ances d\u2019initiation, de perfectionnement et d\u2019entra\u00eenement.<\/li>\n\n\n\n<li>D\u00e9cider de la participation de l\u2019association \u00e0 des comp\u00e9titions sportives ou jeux et plus g\u00e9n\u00e9ralement toute manifestation qu\u2019il jugera utile.<\/li>\n\n\n\n<li>Repr\u00e9senter l\u2019association devant la FFTA et ses instances d\u00e9partementales, r\u00e9gionales ou autres.<\/li>\n\n\n\n<li>Statuer sur les admissions, exclusions ou radiations.<\/li>\n\n\n\n<li>Infliger des sanctions.<\/li>\n\n\n\n<li>G\u00e9rer les finances de l\u2019association.<\/li>\n\n\n\n<li>Proposer \u00e0 l\u2019assembl\u00e9e g\u00e9n\u00e9rale toute modification des statuts qu\u2019il jugerait utile.<\/li>\n\n\n\n<li>Adopter toutes modifications du pr\u00e9sent r\u00e8glement int\u00e9rieur et les soumettre \u00e0 la ratification de l\u2019Assembl\u00e9e g\u00e9n\u00e9rale.<\/li>\n<\/ul>\n\n\n\n<h3 class=\"wp-block-heading\"><strong>Article 12- Attributions du Pr\u00e9sident<\/strong><\/h3>\n\n\n\n<p>En plus des pouvoirs \u00e9num\u00e9r\u00e9s sur les statuts, le Pr\u00e9sident convoque et pr\u00e9side l\u2019Assembl\u00e9e g\u00e9n\u00e9rale et les r\u00e9unions de Conseil d\u2019Administration. Il ordonnance les d\u00e9penses.<\/p>\n\n\n\n<p>Il peut d\u00e9l\u00e9guer en cas de n\u00e9cessit\u00e9 et quand il le juge utile toutes ou partie de ses attributions au vice-Pr\u00e9sident d\u00e9l\u00e9gu\u00e9. Cette d\u00e9l\u00e9gation ne peut \u00eatre que temporaire et doit faire l\u2019objet d\u2019un \u00e9crit.<\/p>\n\n\n\n<p>Le vice-pr\u00e9sident d\u00e9l\u00e9gu\u00e9 a donc toutes les pr\u00e9rogatives du Pr\u00e9sident.<\/p>\n\n\n\n<p>Il remplace le Pr\u00e9sident en cas d\u2019absence.<\/p>\n\n\n\n<h3 class=\"wp-block-heading\"><strong>Article 13- Attributions du vice-pr\u00e9sident d\u00e9l\u00e9gu\u00e9<\/strong><\/h3>\n\n\n\n<p>Le vice-pr\u00e9sident d\u00e9l\u00e9gu\u00e9 est charg\u00e9 de la discipline de tir et de la bonne tenue de l\u2019association. Il est garant du maintien des traditions de l\u2019archerie et organisera avec l\u2019accord du Conseil d\u2019Administration le tir de la Saint S\u00e9bastien au mois de janvier et le tir du Roy au mois de mars.<\/p>\n\n\n\n<p>Il peut d\u00e9l\u00e9guer tout ou partie de ses missions \u00e0 un membre du Conseil d\u2019Administration.<\/p>\n\n\n\n<p>Il remplace le Pr\u00e9sident comme pr\u00e9cis\u00e9 \u00e0 l\u2019article 11.<\/p>\n\n\n\n<h3 class=\"wp-block-heading\"><strong>Article 14- Attributions du secr\u00e9taire g\u00e9n\u00e9ral(e)<\/strong><\/h3>\n\n\n\n<p>Le secr\u00e9taire g\u00e9n\u00e9ral est charg\u00e9 de tout ce qui concerne la correspondance et les archives. Il r\u00e9dige les Proc\u00e8s-verbaux des Assembl\u00e9es g\u00e9n\u00e9rales et les comptes-rendus des r\u00e9unions de Conseil d\u2019Administration et les transcrit apr\u00e8s approbation. Il r\u00e9dige les \u00e9critures concernant le fonctionnement de l\u2019association \u00e0 l\u2019exception de celle qui ont trait \u00e0 la comptabilit\u00e9.<\/p>\n\n\n\n<p>Il s&rsquo;occupe de l&rsquo;inscription aux comp\u00e9titions officielles et diff\u00e9rentes rencontres. Il s&rsquo;occupe du greffe lorsque son club est organisateur de la comp\u00e9tition (r\u00e9partition des tireurs sur les cibles, r\u00e8glement financier de tous les archers inscrits \u00e0 la comp\u00e9tition).<\/p>\n\n\n\n<p>Il pourra d\u00e9l\u00e9guer une partie de ses fonctions \u00e0 un autre membre du Conseil d\u2019Administration si besoin.<\/p>\n\n\n\n<h3 class=\"wp-block-heading\"><strong>Article 15- Attributions du tr\u00e9sorier<\/strong><\/h3>\n\n\n\n<p>Il est charg\u00e9 de tout ce qui concerne la gestion du patrimoine de l&rsquo;association.<\/p>\n\n\n\n<p>Il per\u00e7oit les cotisations, poursuit le recouvrement des sommes dues \u00e0 l&rsquo;association.<\/p>\n\n\n\n<p>Il effectue tous les paiements des sommes dues par l&rsquo;association Il signe les mandats de d\u00e9penses conjointement avec le pr\u00e9sident ou le secr\u00e9taire g\u00e9n\u00e9ral.<\/p>\n\n\n\n<p>Il tient une comptabilit\u00e9 r\u00e9guli\u00e8re de toutes les op\u00e9rations qu&rsquo;il effectue et en rend compte \u00e0 l&rsquo;Assembl\u00e9e g\u00e9n\u00e9rale annuelle qui approuve, s&rsquo;il a lieu sa gestion (quitus).<\/p>\n\n\n\n<h3 class=\"wp-block-heading\"><strong>Article 16- Attributions du responsable mat\u00e9riel et archerie<\/strong><\/h3>\n\n\n\n<p>Il entretient l\u2019ensemble du mat\u00e9riel appartenant \u00e0 la Compagnie, n\u00e9cessaire \u00e0 la pratique du tir \u00e0 l&rsquo;arc.<\/p>\n\n\n\n<p>L\u2019utilisation de ce mat\u00e9riel ne pourra se faire que par un licenci\u00e9 et sous sa surveillance ou celle d\u2019un membre du Conseil d\u2019Administration ou d\u2019un Brevet\u00e9 d\u2019Etat.<\/p>\n\n\n\n<h3 class=\"wp-block-heading\"><strong>Article 17- Attributions du responsable terrain, Commission \u00ab terrain \u00bb<\/strong><\/h3>\n\n\n\n<p>Une commission a \u00e9t\u00e9 cr\u00e9\u00e9e avec un responsable d\u00e9sign\u00e9 chaque ann\u00e9e par les membres du Conseil d\u2019Administration. Elle s&rsquo;occupe de l&rsquo;entretien du terrain et de la ciblerie.<\/p>\n\n\n\n<ul class=\"wp-block-list\">\n<li>Pr\u00e9voit avec le Conseil d\u2019Administration, le changement de stramit (mousses) ou de cibles<\/li>\n\n\n\n<li>L\u2019entretien du pas de tir : veille au marquage du pas de tir au sol.<\/li>\n<\/ul>\n\n\n\n<p>Changement des stramits, bandes de stramits us\u00e9s ou bandes de mousse :<\/p>\n\n\n\n<ul class=\"wp-block-list\">\n<li>Pr\u00e9pare la ciblerie lorsque son club est organisateur d&rsquo;une comp\u00e9tition.<\/li>\n\n\n\n<li>Coordonnateur de la mise en place du terrain pour cette comp\u00e9tition.<\/li>\n\n\n\n<li>La pr\u00e9paration et l\u2019organisation des concours.<\/li>\n<\/ul>\n\n\n\n<h3 class=\"wp-block-heading\"><strong>Article 18- Attributions du responsable des r\u00e9sultats<\/strong><\/h3>\n\n\n\n<ul class=\"wp-block-list\">\n<li>Il s&rsquo;occupe des r\u00e9sultats des comp\u00e9titions.<\/li>\n\n\n\n<li>Veille \u00e0 leur affichage sur le tableau d&rsquo;information \u00ab\u00a0rubrique comp\u00e9titions-r\u00e9sultats\u00a0\u00bb.<\/li>\n\n\n\n<li>Gestion des badges et remise f\u00e9d\u00e9rale \u00e0 commander (targets ou autre).<\/li>\n<\/ul>\n\n\n\n<h3 class=\"wp-block-heading\"><strong>Article 19- Attributions du responsable Equipe<\/strong><\/h3>\n\n\n\n<p>Il coordonne les \u00e9quipes de clubs (homme et femmes) au niveau logistique : d\u00e9placements, restauration, h\u00e9bergement.<\/p>\n\n\n\n<p>Il informe les membres de l&rsquo;\u00e9quipe des informations prises \u00e0 leur sujet en r\u00e9unions du Conseil d\u2019Administration ou aux Assembl\u00e9es g\u00e9n\u00e9rales (d\u00e9placements r\u00e9gionaux, championnats nationaux).<\/p>\n\n\n\n<p>Il fait part au Conseil d\u2019Administration des souhaits des membres de l&rsquo;\u00e9quipe.<\/p>\n\n\n\n<h3 class=\"wp-block-heading\"><strong>Article 20- Attributions du secr\u00e9taire adjoint et du tr\u00e9sorier adjoint<\/strong><\/h3>\n\n\n\n<p>Ils remplacent le secr\u00e9taire g\u00e9n\u00e9ral et le tr\u00e9sorier g\u00e9n\u00e9ral lorsque ceux-ci ne peuvent assurer momentan\u00e9ment leur fonction.<\/p>\n\n\n\n<h3 class=\"wp-block-heading\"><strong>Article 21- Attributions du responsable jeune<\/strong><\/h3>\n\n\n\n<p>Une commission sportive a \u00e9t\u00e9 cr\u00e9\u00e9e avec proposition d\u2019un\/une responsable parmi les jeunes dans le but de f\u00e9d\u00e9rer, d\u2019encourager les archers.<\/p>\n\n\n\n<p>Pour ce poste il faut \u00eatre \u00e2g\u00e9 de 16 ans minimum.<\/p>\n\n\n\n<p>Il est le porte-parole des jeunes, il doit savoir \u00e9couter leurs demandes. Il organise les rencontres Sp\u00e9ciales jeunes au sein de son club sous la responsabilit\u00e9 du Conseil d\u2019Administration.<\/p>\n\n\n\n<h3 class=\"wp-block-heading\"><strong>Article 22- Attributions du responsable de l&rsquo;Ecole de Tir \u00e0 l&rsquo;Arc Fran\u00e7ais d\u2019Antibes<\/strong> <strong>(ETAF Antibes)<\/strong><\/h3>\n\n\n\n<p>C\u2019est un Brevet d\u2019Etat qui est responsable de ce poste.<\/p>\n\n\n\n<p>Le responsable de l\u2019Ecole de Tir \u00e0 l\u2019Arc Fran\u00e7ais doit :<\/p>\n\n\n\n<ol class=\"wp-block-list\">\n<li>Savoir organiser les s\u00e9ances d\u2019initiation, de perfectionnement et d\u2019entra\u00eenement.<\/li>\n\n\n\n<li>Coordonner les s\u00e9ances \u00e0 th\u00e8mes entre les cr\u00e9neaux horaires d&rsquo;un m\u00eame public. Par exemple si la Compagnie organise un tir pour No\u00ebl, on veillera \u00e0 r\u00e9unir tous les jeunes le m\u00eame jour afin qu&rsquo;ils puissent se rencontrer.<\/li>\n\n\n\n<li>Coordonner les passages de plumes et de fl\u00e8ches.<\/li>\n\n\n\n<li>Etablir les 2 calendriers de l&rsquo;Ecole de Tir \u00e0 l&rsquo;Arc : 1 pour les adultes, 1 pour les jeunes.\n<ul class=\"wp-block-list\">\n<li>Avec les passages de plumes et de fl\u00e8ches.<\/li>\n\n\n\n<li>Les pr\u00e9parations \u00e0 ces passages.<\/li>\n\n\n\n<li>Les stages journaliers.<\/li>\n\n\n\n<li>Les dates des rencontres.<\/li>\n\n\n\n<li>Les dates limites d&rsquo;inscription aux concours ou rencontres.<\/li>\n\n\n\n<li>Les s\u00e9ances \u00e0 th\u00e8mes.<\/li>\n\n\n\n<li>Les s\u00e9ances avec un objectif technique g\u00e9n\u00e9ral.<\/li>\n\n\n\n<li>Les stages jeunes organis\u00e9s par D\u00e9partement, et la Ligue PACA.<\/li>\n\n\n\n<li>Les dates des journ\u00e9es d\u00e9couvertes (ski-arc, d\u00e9couverte campagne, tir au drapeau).<\/li>\n<\/ul>\n<\/li>\n\n\n\n<li>Communiquer au responsable mat\u00e9riel les besoins de l&rsquo;Ecole de Tir (blasons, r\u00e9paration mat\u00e9riel, achat d&rsquo;arcs).<\/li>\n\n\n\n<li>Etre en relation avec le secr\u00e9taire g\u00e9n\u00e9ral afin de transmettre l&rsquo;information aux membres du club qui sont en Ecole de Tir \u00e0 l\u2019Arc Fran\u00e7ais.<\/li>\n<\/ol>\n\n\n\n<div style=\"height:50px\" aria-hidden=\"true\" class=\"wp-block-spacer\"><\/div>\n\n\n\n<hr class=\"wp-block-separator has-alpha-channel-opacity\"\/>\n\n\n\n<h2 class=\"wp-block-heading\" id=\"partie-mat\u00e9riel\"><strong><mark style=\"background-color:rgba(0, 0, 0, 0)\" class=\"has-inline-color has-blue-color\">Mat\u00e9riel<\/mark><\/strong><\/h2>\n\n\n\n<h3 class=\"wp-block-heading\"><strong>Article 23- Mat\u00e9riel<\/strong><\/h3>\n\n\n\n<p>La puissance des arcs ne peut exc\u00e9der 60 livres et les pointes des fl\u00e8ches doivent \u00eatre homologu\u00e9es \u00ab comp\u00e9tition \u00bb.<\/p>\n\n\n\n<h3 class=\"wp-block-heading\"><strong>Article 24- Aide aux d\u00e9butants<\/strong><\/h3>\n\n\n\n<p>Afin de permettre aux licenci\u00e9s de participer \u00e0 l\u2019Ecole de Tir \u00e0 l\u2019arc Fran\u00e7ais et de progresser dans les meilleures conditions, l\u2019association s\u2019efforcera de mettre \u00e0 disposition du mat\u00e9riel adapt\u00e9.<\/p>\n\n\n\n<h3 class=\"wp-block-heading\"><strong>Article 25- Pr\u00eat du mat\u00e9riel ou location<\/strong><\/h3>\n\n\n\n<p>Tout mat\u00e9riel appartenant \u00e0 l\u2019association ne pourra \u00eatre lou\u00e9 qu\u2019aux adh\u00e9rents.<\/p>\n\n\n\n<p>Un contrat de location sera \u00e9tabli entre le loueur et la compagnie.<\/p>\n\n\n\n<p>L\u2019archer s\u2019engage par ce contrat \u00e0 prendre soin du mat\u00e9riel qui lui est confi\u00e9, \u00e0 monter et d\u00e9monter son arc avec un bandoir ou une fausse-corde uniquement. Tout mat\u00e9riel lou\u00e9 qui sera cass\u00e9 ou vol\u00e9 pendant la p\u00e9riode de location devra \u00eatre remplac\u00e9 \u00e0 l\u2019identique ou \u00e9quivalent. Un ch\u00e8que de caution sera annex\u00e9 au contrat de location.<\/p>\n\n\n\n<h3 class=\"wp-block-heading\"><strong>Article 26- Insignes et autres marques distinctives<\/strong><\/h3>\n\n\n\n<p>Les plumes et fl\u00e8ches (insignes) seront distribu\u00e9s lors d\u2019une remise officielle trimestrielle. En cas d\u2019absence lors de cette remise officielle ou de perte de l\u2019insigne, il pourra \u00eatre d\u00e9livr\u00e9 contre paiement.<\/p>\n\n\n\n<h3 class=\"wp-block-heading\"><strong>Article 27- D\u00e9charge de responsabilit\u00e9<\/strong> <\/h3>\n\n\n\n<p>La Compagnie d\u2019Arc d\u2019Antibes d\u00e9gage toute responsabilit\u00e9 pour le mat\u00e9riel personnel entrepos\u00e9 au club-house ou dans l\u2019enceinte de la Compagnie.<\/p>\n\n\n\n<div style=\"height:50px\" aria-hidden=\"true\" class=\"wp-block-spacer\"><\/div>\n\n\n\n<hr class=\"wp-block-separator has-alpha-channel-opacity\"\/>\n\n\n\n<h2 class=\"wp-block-heading\" id=\"partie-concours-et-d\u00e9placements\"><strong><mark style=\"background-color:rgba(0, 0, 0, 0)\" class=\"has-inline-color has-blue-color\">Concours et d\u00e9placements<\/mark><\/strong><\/h2>\n\n\n\n<h3 class=\"wp-block-heading\"><strong>Article 28- Participation aux comp\u00e9titions et concours<\/strong><\/h3>\n\n\n\n<p>Toute inscription en comp\u00e9tition engag\u00e9e par la compagnie, non honor\u00e9e, fera l\u2019objet d\u2019un remboursement \u00e0 charge de l\u2019archer absent. La Compagnie se r\u00e9serve le droit de refuser d\u2019inscrire \u00e0 nouveau un archer aux comp\u00e9titions en cas d\u2019absence non justifi\u00e9 de ce dernier. Il devra s\u2019inscrire par ses propres moyens.<\/p>\n\n\n\n<h3 class=\"wp-block-heading\"><strong>Article 29- Frais de d\u00e9placements<\/strong><\/h3>\n\n\n\n<p>Les frais de d\u00e9placements sont \u00e0 la charge des membres sauf cas exceptionnels appr\u00e9ci\u00e9s par le Conseil d\u2019Administration et approuv\u00e9 apr\u00e8s une r\u00e9union de celui-ci.<\/p>\n\n\n\n<p>Une note explicative est affich\u00e9e au club-house.<\/p>\n\n\n\n<h3 class=\"wp-block-heading\"><strong>Article 30- Tenue sportive<\/strong><\/h3>\n\n\n\n<p>Par respect \u00e0 l\u2019appartenance \u00e0 la Compagnie et plus g\u00e9n\u00e9ralement envers les principes de l\u2019archerie et de la pratique d\u2019un sport olympique, tout licenci\u00e9 devra \u00eatre en tenue adapt\u00e9e \u00e0 la pratique sportive.<\/p>\n\n\n\n<p>Le port de la tenue distinctive de la Compagnie d\u2019Arc d\u2019Antibes est obligatoire dans toutes les manifestations auxquelles les membres participent (comp\u00e9tions, rencontres, manifestations promotionnelles y compris les tirs traditionnels (tir de la Saint S\u00e9bastien et tir du Roy).<\/p>\n\n\n\n<div style=\"height:50px\" aria-hidden=\"true\" class=\"wp-block-spacer\"><\/div>\n\n\n\n<hr class=\"wp-block-separator has-alpha-channel-opacity\"\/>\n\n\n\n<h2 class=\"wp-block-heading\" id=\"partie-discipline\"><strong><mark style=\"background-color:rgba(0, 0, 0, 0)\" class=\"has-inline-color has-blue-color\">Discipline<\/mark><\/strong><\/h2>\n\n\n\n<h3 class=\"wp-block-heading\"><strong>Article 31- Respect des traditions<\/strong><\/h3>\n\n\n\n<p>Les traditions de courtoisie en honneur dans l\u2019archerie doivent \u00eatre respect\u00e9es en tout temps et en tous lieux<\/p>\n\n\n\n<h3 class=\"wp-block-heading\"><strong>Article 32- Comportements inadmissibles<\/strong><\/h3>\n\n\n\n<p>Toute personne ayant une conduite scandaleuse, ind\u00e9cente ou agressive (agression verbale ou physique) pourra \u00eatre expuls\u00e9e des locaux ou du terrain utilis\u00e9 par la Compagnie d\u2019Arc d\u2019Antibes sans pr\u00e9judice des sanctions qui pourraient \u00eatre prises \u00e0 son encontre si elle fait partie de la Compagnie d\u2019Arc d\u2019Antibes.<\/p>\n\n\n\n<p>Une radiation pourra \u00eatre prononc\u00e9e par le Conseil d\u2019Administration \u00e0 la suite d\u2019un entretien sur convocation \u00e9crite par lettre recommand\u00e9e, accus\u00e9e de r\u00e9ception.<\/p>\n\n\n\n<p>Pour les mineurs, ce sont les parents qui seront convoqu\u00e9s avec le jeune en question.<\/p>\n\n\n\n<h3 class=\"wp-block-heading\"><strong>Article 33- \u00c9chelle des sanctions<\/strong><\/h3>\n\n\n\n<p>Tout manquement pour quelque raison que ce soit \u00e0 l\u2019une des quelconques r\u00e8gles figurant dans les statuts de la compagnie, le pr\u00e9sent r\u00e8glement int\u00e9rieur, le r\u00e8glement de la mairie ou ceux de la FFTA pourra faire l\u2019objet d\u2019une sanction suivante :<\/p>\n\n\n\n<ol class=\"wp-block-list\">\n<li>Avertissement oral.<\/li>\n\n\n\n<li>Avertissement \u00e9crit.<\/li>\n\n\n\n<li>Suspension temporaire.<\/li>\n\n\n\n<li>Radiation.<\/li>\n<\/ol>\n\n\n\n<p>Le Conseil d\u2019Administration d\u00e9cidera de la nature de la sanction qu\u2019il prononcera.<\/p>\n\n\n\n<h3 class=\"wp-block-heading\"><strong>Article 34- Proc\u00e9dure disciplinaire<\/strong><\/h3>\n\n\n\n<p>Tout membre susceptible de se voir appliquer l\u2019une des quelconques sanctions \u00e9num\u00e9r\u00e9es sera pr\u00e9alablement inform\u00e9 de la nature de la sanction envisag\u00e9e et de ses motifs et convoqu\u00e9 par les membres du Conseil d\u2019Administration par lettre recommand\u00e9e avec avis de r\u00e9ception ceci dans un d\u00e9lai de trente jours maximums apr\u00e8s l\u2019envoi de cette lettre afin d\u2019y pr\u00e9senter sa d\u00e9fense. Il pourra fournir toute explication \u00e9crite ou orale. Il pourra se faire assister du d\u00e9fenseur de son choix. La d\u00e9cision des membres du Conseil d\u2019Administration sera faite dans les trente jours suivants maximum.<\/p>\n\n\n\n<h3 class=\"wp-block-heading\"><strong>Article 35- Tir et distances de tir<\/strong><\/h3>\n\n\n\n<p>Pour des raisons de s\u00e9curit\u00e9 ne seront admis sur le pas de tir, en autonomie, que des membres ayant fait leur preuve aupr\u00e8s des brevet\u00e9s d\u2019Etat ou des entraineurs de leur capacit\u00e9.<\/p>\n\n\n\n<h3 class=\"wp-block-heading\"><strong>Article 36- Modalit\u00e9s d\u2019entra\u00eenement<\/strong><\/h3>\n\n\n\n<p>Les conditions d\u2019acc\u00e8s au pas de tir sont d\u00e9finies chaque ann\u00e9e en fonction des horaires d\u2019acc\u00e8s au terrain (entre 08H00 et 22H30) sauf manifestations ou fermeture administrative.<\/p>\n\n\n\n<h3 class=\"wp-block-heading\"><strong>Article 37- Acc\u00e8s au pas de tir<\/strong><\/h3>\n\n\n\n<p>Nul ne peut \u00eatre autoris\u00e9 \u00e0 tirer sur les installations utilis\u00e9es par la compagnie d\u2019arc d\u2019Antibes sans accord pr\u00e9alable du Conseil d\u2019Administration.<\/p>\n\n\n\n<p>Tout membre du Conseil d\u2019Administration pourra demander \u00e0 un archer de justifier au minimum de sa licence ou de son autorisation d\u2019acc\u00e8s \u00e0 la Compagnie d\u2019Arc d\u2019Antibes.<\/p>\n\n\n\n<h3 class=\"wp-block-heading\"><strong>Article 38- R\u00e8glement de la Mairie<\/strong><\/h3>\n\n\n\n<p>Les installations utilis\u00e9es par la Compagnie d\u2019Arc d\u2019Antibes \u00e9tant sous la responsabilit\u00e9 de la mairie d\u2019Antibes Juan Les Pins, les membres de la Compagnie d\u2019Arc d\u2019Antibes s\u2019engagent \u00e0 respecter les r\u00e8gles dict\u00e9es par cette derni\u00e8re (convention).<\/p>\n\n\n\n<div style=\"height:50px\" aria-hidden=\"true\" class=\"wp-block-spacer\"><\/div>\n\n\n\n<hr class=\"wp-block-separator has-alpha-channel-opacity\"\/>\n\n\n\n<h2 class=\"wp-block-heading\" id=\"partie-informations-diverses\"><strong><mark style=\"background-color:rgba(0, 0, 0, 0)\" class=\"has-inline-color has-blue-color\">Informations diverses<\/mark><\/strong><\/h2>\n\n\n\n<h3 class=\"wp-block-heading\"><strong>Diffusion de l\u2019information<\/strong><\/h3>\n\n\n\n<p>Plusieurs tableaux doivent \u00eatre consult\u00e9s par les membres du club, par les parents ou leur repr\u00e9sentant l\u00e9gal pour les mineurs.<\/p>\n\n\n\n<p>Tableau administratif : affichage obligatoire, statuts, dipl\u00f4mes, r\u00e8glement int\u00e9rieur.<\/p>\n\n\n\n<p>Tableaux ext\u00e9rieurs : information Ecole de Tir et calendrier, affichage mandats, newsletter, informations manifestation intra-club.<\/p>\n\n\n\n<p>Tableau Int\u00e9rieur : inscriptions comp\u00e9titions officielles.<\/p>\n\n\n\n<p>Porte local mat\u00e9riel : Informations d\u00e9p\u00f4t-vente.<\/p>\n\n\n\n<h3 class=\"wp-block-heading\"><strong>Organisation de concours<\/strong><\/h3>\n\n\n\n<p>Saison salle : Challenge Andr\u00e9 et Mich\u00e8le LESAGE.<\/p>\n\n\n\n<p>Saison ext\u00e9rieure : Challenge Maurice DENAPE, Nocturne, DRE et TRJ selon calendrier.<\/p>\n\n\n\n<p>Ces quatre concours demandent une organisation importante. Tous les membres de la Compagnie sont convi\u00e9s pour aider \u00e0 la pr\u00e9paration et \u00e0 la r\u00e9alisation de ces concours. Les tireurs, participant \u00e0 l\u2019organisation seront dispens\u00e9s du paiement de l\u2019engagement \u00e0 ces comp\u00e9titions pour les remercier de leur participation \u00e0 l\u2019organisation.<\/p>\n\n\n\n<h3 class=\"wp-block-heading\"><strong>Club-house<\/strong><\/h3>\n\n\n\n<p>Il est ouvert \u00e0 tous les licenci\u00e9s de la Compagnie d\u2019Arc d\u2019Antibes, en toute convivialit\u00e9, sous la responsabilit\u00e9 d\u2019une personne habilit\u00e9 s\u00e9curit\u00e9 incendie.<\/p>\n\n\n\n<p>Seuls les membres ayant l\u2019habilitation s\u00e9curit\u00e9 incendie auront en leur possession la cl\u00e9 du club-house.<\/p>\n\n\n\n<p>Nous avons beaucoup de chance d\u2019avoir ces installations sportives qui permettent une vie associative. Nous tenons \u00e0 tenir cet endroit propre et en bon \u00e9tat.<\/p>\n\n\n\n<h3 class=\"wp-block-heading\"><strong>Tarifs<\/strong><\/h3>\n\n\n\n<p>Les tarifs (cotisations, insignes, surv\u00eatements\u2026) sont d\u00e9cid\u00e9s en r\u00e9union par les membres du Conseil d\u2019administration et feront l\u2019objet d\u2019un affichage.<\/p>\n\n\n\n<h3 class=\"wp-block-heading\"><strong>Horaires<\/strong><\/h3>\n\n\n\n<p>Les horaires des formations encadr\u00e9s sont sp\u00e9cifi\u00e9s par la formatrice Brevet\u00e9e d\u2019Etat et cette derni\u00e8re pr\u00e9viendra ses \u00e9l\u00e8ves en cas d\u2019absence.<\/p>\n\n\n\n<p>Les entra\u00eeneurs sont libres d\u2019imposer leurs horaires selon leurs disponibilit\u00e9s.<\/p>\n\n\n\n<h3 class=\"wp-block-heading\"><strong>Terrain<\/strong><\/h3>\n\n\n\n<p>Les r\u00e8gles de s\u00e9curit\u00e9 ne doivent pas \u00eatre transgress\u00e9es.<\/p>\n\n\n\n<p>Tous les blasons sont \u00e0 disposition sur le terrain et peuvent \u00eatre chang\u00e9s si n\u00e9cessaire mais usag\u00e9s ne veut pas dire jeter n\u2019importe o\u00f9 ! Chacun doit en faire le ramassage (le vent peut aussi \u00eatre responsable) et le mettre dans le container.<\/p>\n\n\n\n<p>Un blason ne doit pas \u00eatre accroch\u00e9 sur un autre d\u00e9j\u00e0 en place.<\/p>\n\n\n\n<p>De m\u00eame, le terrain doit rester propre. Merci de ramasser vos d\u00e9tritus.<\/p>\n\n\n\n<div style=\"height:100px\" aria-hidden=\"true\" class=\"wp-block-spacer\"><\/div>\n\n\n\n<p>\u00a9 2026 Compagnie d\u2019Arc d\u2019Antibes<\/p>\n","protected":false},"excerpt":{"rendered":"<p>Le Conseil d&rsquo;Administration de la Compagnie d&rsquo;Arc d&rsquo;Antibes, sur approbation de l&rsquo;Assembl\u00e9e g\u00e9n\u00e9rale, d\u00e9cide ce qui suit (MAJ. le 11 octobre 2025). Adh\u00e9sion Article l- Conditions requises Pour \u00eatre membre actif il faut cumulativement : Article 2- Changement de compagnie &hellip; <a href=\"http:\/\/arc-antibes.fr\/?page_id=1835\">Continuer la lecture <span class=\"meta-nav\">&rarr;<\/span><\/a><\/p>\n","protected":false},"author":1,"featured_media":133,"parent":0,"menu_order":0,"comment_status":"closed","ping_status":"closed","template":"","meta":{"ngg_post_thumbnail":0,"footnotes":""},"class_list":["post-1835","page","type-page","status-publish","has-post-thumbnail","hentry"],"_links":{"self":[{"href":"http:\/\/arc-antibes.fr\/index.php?rest_route=\/wp\/v2\/pages\/1835","targetHints":{"allow":["GET"]}}],"collection":[{"href":"http:\/\/arc-antibes.fr\/index.php?rest_route=\/wp\/v2\/pages"}],"about":[{"href":"http:\/\/arc-antibes.fr\/index.php?rest_route=\/wp\/v2\/types\/page"}],"author":[{"embeddable":true,"href":"http:\/\/arc-antibes.fr\/index.php?rest_route=\/wp\/v2\/users\/1"}],"replies":[{"embeddable":true,"href":"http:\/\/arc-antibes.fr\/index.php?rest_route=%2Fwp%2Fv2%2Fcomments&post=1835"}],"version-history":[{"count":41,"href":"http:\/\/arc-antibes.fr\/index.php?rest_route=\/wp\/v2\/pages\/1835\/revisions"}],"predecessor-version":[{"id":3501,"href":"http:\/\/arc-antibes.fr\/index.php?rest_route=\/wp\/v2\/pages\/1835\/revisions\/3501"}],"wp:featuredmedia":[{"embeddable":true,"href":"http:\/\/arc-antibes.fr\/index.php?rest_route=\/wp\/v2\/media\/133"}],"wp:attachment":[{"href":"http:\/\/arc-antibes.fr\/index.php?rest_route=%2Fwp%2Fv2%2Fmedia&parent=1835"}],"curies":[{"name":"wp","href":"https:\/\/api.w.org\/{rel}","templated":true}]}}